{"id":29835,"date":"2020-07-08T05:28:56","date_gmt":"2020-07-08T05:28:56","guid":{"rendered":"http:\/\/www.haber49.com.tr\/?page_id=16250"},"modified":"2024-10-26T20:27:07","modified_gmt":"2024-10-26T20:27:07","slug":"ana-sayfa-2","status":"publish","type":"page","link":"https:\/\/mardinhaberyolu.com\/","title":{"rendered":"Mardin Haber Yolu"},"content":{"rendered":"\t\t<div data-elementor-type=\"wp-page\" data-elementor-id=\"29835\" class=\"elementor elementor-29835\">\n\t\t\t\t<div class=\"elementor-element elementor-element-b9157fe e-flex e-con-boxed e-con e-parent\" data-id=\"b9157fe\" data-element_type=\"container\" data-e-type=\"container\">\n\t\t\t\t\t<div class=\"e-con-inner\">\n\t\t\t\t<div class=\"elementor-element elementor-element-85f2863 elementor-widget elementor-widget-ronse_slider_sol_baslik\" data-id=\"85f2863\" data-element_type=\"widget\" data-e-type=\"widget\" data-widget_type=\"ronse_slider_sol_baslik.default\">\n\t\t\t\t<div class=\"elementor-widget-container\">\n\t\t\t\t\t                <div class=\"swiper yan-baslikli tam-genislik solda\">\n            <div class=\"swiper-wrapper\">\n                                    <div class=\"swiper-slide\">\n                        <a class=\"position-relative\" href=\"https:\/\/mardinhaberyolu.com\/?p=113318\">\n                                                            <div class=\"desen\">\n                                    <img decoding=\"async\" src=\"https:\/\/mardinhaberyolu.com\/wp-content\/themes\/RonseHaberV8\/bsthe\/lib\/tasarim\/icerik\/desen.png\" alt=\"\">\n                                <\/div>\n                                <div                                         class=\"yan-slider-icerik\">\n                                    <div class=\"yan-gorsel\">\n                                        <img decoding=\"async\" class=\"slider-gorseli\" src=\"https:\/\/mardinhaberyolu.com\/wp-content\/uploads\/2026\/04\/IMG-20260429-WA0048.jpg\"\n                                             alt=\"Milletvekili K\u0131l\u0131\u00e7&#8217;tan Sa\u011fl\u0131k Bakan\u0131 Kemal Memi\u015fo\u011flu&#8217;na Ziyaret\">\n                                                                            <\/div>\n                                    <div class=\"haber-detay\">\n                                                                                <h3 title=\"Milletvekili K\u0131l\u0131\u00e7&#8217;tan Sa\u011fl\u0131k Bakan\u0131 Kemal Memi\u015fo\u011flu&#8217;na Ziyaret\" class=\"haber-baslik\">Milletvekili K\u0131l\u0131\u00e7&#8217;tan Sa\u011fl\u0131k Bakan\u0131 Kemal Memi\u015fo\u011flu&#8217;na Ziyaret<\/h3>\n                                    <\/div>\n                                <\/div>\n                                                    <\/a>\n                    <\/div>\n                                    <div class=\"swiper-slide\">\n                        <a class=\"position-relative\" href=\"https:\/\/mardinhaberyolu.com\/?p=113313\">\n                                                            <div class=\"desen\">\n                                    <img decoding=\"async\" src=\"https:\/\/mardinhaberyolu.com\/wp-content\/themes\/RonseHaberV8\/bsthe\/lib\/tasarim\/icerik\/desen.png\" alt=\"\">\n                                <\/div>\n                                <div                                         class=\"yan-slider-icerik\">\n                                    <div class=\"yan-gorsel\">\n                                        <img decoding=\"async\" class=\"slider-gorseli\" src=\"https:\/\/mardinhaberyolu.com\/wp-content\/uploads\/2026\/04\/MC.jpg\"\n                                             alt=\"MARSU&#8221;dan Yeni Su \u015eebekesi\">\n                                                                            <\/div>\n                                    <div class=\"haber-detay\">\n                                                                                <h3 title=\"MARSU&#8221;dan Yeni Su \u015eebekesi\" class=\"haber-baslik\">MARSU&#8221;dan Yeni Su \u015eebekesi<\/h3>\n                                    <\/div>\n                                <\/div>\n                                                    <\/a>\n                    <\/div>\n                                    <div class=\"swiper-slide\">\n                        <a class=\"position-relative\" href=\"https:\/\/mardinhaberyolu.com\/?p=113310\">\n                                                            <div class=\"desen\">\n                                    <img decoding=\"async\" src=\"https:\/\/mardinhaberyolu.com\/wp-content\/themes\/RonseHaberV8\/bsthe\/lib\/tasarim\/icerik\/desen.png\" alt=\"\">\n                                <\/div>\n                                <div                                         class=\"yan-slider-icerik\">\n                                    <div class=\"yan-gorsel\">\n                                        <img decoding=\"async\" class=\"slider-gorseli\" src=\"https:\/\/mardinhaberyolu.com\/wp-content\/uploads\/2026\/04\/tesbih4-scaled.png\"\n                                             alt=\"Mardin\u2019de Tespih Sanat\u0131 Fuar\u0131 Kap\u0131lar\u0131n\u0131 A\u00e7\u0131yor\">\n                                                                            <\/div>\n                                    <div class=\"haber-detay\">\n                                                                                <h3 title=\"Mardin\u2019de Tespih Sanat\u0131 Fuar\u0131 Kap\u0131lar\u0131n\u0131 A\u00e7\u0131yor\" class=\"haber-baslik\">Mardin\u2019de Tespih Sanat\u0131 Fuar\u0131 Kap\u0131lar\u0131n\u0131 A\u00e7\u0131yor<\/h3>\n                                    <\/div>\n                                <\/div>\n                                                    <\/a>\n                    <\/div>\n                                    <div class=\"swiper-slide\">\n                        <a class=\"position-relative\" href=\"https:\/\/mardinhaberyolu.com\/?p=113306\">\n                                                            <div class=\"desen\">\n                                    <img decoding=\"async\" src=\"https:\/\/mardinhaberyolu.com\/wp-content\/themes\/RonseHaberV8\/bsthe\/lib\/tasarim\/icerik\/desen.png\" alt=\"\">\n                                <\/div>\n                                <div                                         class=\"yan-slider-icerik\">\n                                    <div class=\"yan-gorsel\">\n                                        <img decoding=\"async\" class=\"slider-gorseli\" src=\"https:\/\/mardinhaberyolu.com\/wp-content\/uploads\/2026\/04\/dogan-bekinden-secim-basarisi-aciklamasi-003958-20240404.jpg\"\n                                             alt=\"YRP&#8217;den Kahramanmara\u015f&#8217;taki Mardinspor Taraftarlar\u0131na &#8216;Play Off Yasa\u011f\u0131&#8217;na Tepki\">\n                                                                            <\/div>\n                                    <div class=\"haber-detay\">\n                                                                                <h3 title=\"YRP&#8217;den Kahramanmara\u015f&#8217;taki Mardinspor Taraftarlar\u0131na &#8216;Play Off Yasa\u011f\u0131&#8217;na Tepki\" class=\"haber-baslik\">YRP&#8217;den Kahramanmara\u015f&#8217;taki Mardinspor Taraftarlar\u0131na &#8216;Play Off Yasa\u011f\u0131&#8217;na Tepki<\/h3>\n                                    <\/div>\n                                <\/div>\n                                                    <\/a>\n                    <\/div>\n                                    <div class=\"swiper-slide\">\n                        <a class=\"position-relative\" href=\"https:\/\/mardinhaberyolu.com\/?p=113303\">\n                                                            <div class=\"desen\">\n                                    <img decoding=\"async\" src=\"https:\/\/mardinhaberyolu.com\/wp-content\/themes\/RonseHaberV8\/bsthe\/lib\/tasarim\/icerik\/desen.png\" alt=\"\">\n                                <\/div>\n                                <div                                         class=\"yan-slider-icerik\">\n                                    <div class=\"yan-gorsel\">\n                                        <img decoding=\"async\" class=\"slider-gorseli\" src=\"https:\/\/mardinhaberyolu.com\/wp-content\/uploads\/2026\/04\/em1.jpg\"\n                                             alt=\"Derik&#8217;te Karahan Kona\u011f\u0131 restorasyonuna ba\u015fland\u0131\">\n                                                                            <\/div>\n                                    <div class=\"haber-detay\">\n                                                                                <h3 title=\"Derik&#8217;te Karahan Kona\u011f\u0131 restorasyonuna ba\u015fland\u0131\" class=\"haber-baslik\">Derik&#8217;te Karahan Kona\u011f\u0131 restorasyonuna ba\u015fland\u0131<\/h3>\n                                    <\/div>\n                                <\/div>\n                                                    <\/a>\n                    <\/div>\n                                    <div class=\"swiper-slide\">\n                        <a class=\"position-relative\" href=\"https:\/\/mardinhaberyolu.com\/?p=113295\">\n                                                            <div class=\"desen\">\n                                    <img decoding=\"async\" src=\"https:\/\/mardinhaberyolu.com\/wp-content\/themes\/RonseHaberV8\/bsthe\/lib\/tasarim\/icerik\/desen.png\" alt=\"\">\n                                <\/div>\n                                <div                                         class=\"yan-slider-icerik\">\n                                    <div class=\"yan-gorsel\">\n                                        <img decoding=\"async\" class=\"slider-gorseli\" src=\"https:\/\/mardinhaberyolu.com\/wp-content\/uploads\/2026\/04\/IMG-20260428-WA0154-scaled.jpg\"\n                                             alt=\"Kurumlar aras\u0131 futbol turnuvas\u0131 ba\u015flad\u0131\">\n                                                                            <\/div>\n                                    <div class=\"haber-detay\">\n                                                                                <h3 title=\"Kurumlar aras\u0131 futbol turnuvas\u0131 ba\u015flad\u0131\" class=\"haber-baslik\">Kurumlar aras\u0131 futbol turnuvas\u0131 ba\u015flad\u0131<\/h3>\n                                    <\/div>\n                                <\/div>\n                                                    <\/a>\n                    <\/div>\n                                    <div class=\"swiper-slide\">\n                        <a class=\"position-relative\" href=\"https:\/\/mardinhaberyolu.com\/?p=113290\">\n                                                            <div class=\"desen\">\n                                    <img decoding=\"async\" src=\"https:\/\/mardinhaberyolu.com\/wp-content\/themes\/RonseHaberV8\/bsthe\/lib\/tasarim\/icerik\/desen.png\" alt=\"\">\n                                <\/div>\n                                <div                                         class=\"yan-slider-icerik\">\n                                    <div class=\"yan-gorsel\">\n                                        <img decoding=\"async\" class=\"slider-gorseli\" src=\"https:\/\/mardinhaberyolu.com\/wp-content\/uploads\/2026\/04\/IMG-20260428-WA0125-scaled.jpg\"\n                                             alt=\"13 Mart Mahallesi\u2019nde Elektrik Altyap\u0131 \u00c7al\u0131\u015fmalar\u0131 Ba\u015flad\u0131\">\n                                                                            <\/div>\n                                    <div class=\"haber-detay\">\n                                                                                <h3 title=\"13 Mart Mahallesi\u2019nde Elektrik Altyap\u0131 \u00c7al\u0131\u015fmalar\u0131 Ba\u015flad\u0131\" class=\"haber-baslik\">13 Mart Mahallesi\u2019nde Elektrik Altyap\u0131 \u00c7al\u0131\u015fmalar\u0131 Ba\u015flad\u0131<\/h3>\n                                    <\/div>\n                                <\/div>\n                                                    <\/a>\n                    <\/div>\n                                    <div class=\"swiper-slide\">\n                        <a class=\"position-relative\" href=\"https:\/\/mardinhaberyolu.com\/?p=113285\">\n                                                            <div class=\"desen\">\n                                    <img decoding=\"async\" src=\"https:\/\/mardinhaberyolu.com\/wp-content\/themes\/RonseHaberV8\/bsthe\/lib\/tasarim\/icerik\/desen.png\" alt=\"\">\n                                <\/div>\n                                <div                                         class=\"yan-slider-icerik\">\n                                    <div class=\"yan-gorsel\">\n                                        <img decoding=\"async\" class=\"slider-gorseli\" src=\"https:\/\/mardinhaberyolu.com\/wp-content\/uploads\/2026\/04\/MS1-1.jpg\"\n                                             alt=\"Mardin 1969 Spor\u2019un Play-Off \u00f6ncesi \u0130statistikleri\u00a0\">\n                                                                            <\/div>\n                                    <div class=\"haber-detay\">\n                                                                                <h3 title=\"Mardin 1969 Spor\u2019un Play-Off \u00f6ncesi \u0130statistikleri\u00a0\" class=\"haber-baslik\">Mardin 1969 Spor\u2019un Play-Off \u00f6ncesi \u0130statistikleri\u00a0<\/h3>\n                                    <\/div>\n                                <\/div>\n                                                    <\/a>\n                    <\/div>\n                                    <div class=\"swiper-slide\">\n                        <a class=\"position-relative\" href=\"https:\/\/mardinhaberyolu.com\/?p=113276\">\n                                                            <div class=\"desen\">\n                                    <img decoding=\"async\" src=\"https:\/\/mardinhaberyolu.com\/wp-content\/themes\/RonseHaberV8\/bsthe\/lib\/tasarim\/icerik\/desen.png\" alt=\"\">\n                                <\/div>\n                                <div                                         class=\"yan-slider-icerik\">\n                                    <div class=\"yan-gorsel\">\n                                        <img decoding=\"async\" class=\"slider-gorseli\" src=\"https:\/\/mardinhaberyolu.com\/wp-content\/uploads\/2026\/04\/L1.jpg\"\n                                             alt=\"B\u00fcy\u00fck\u015fehir Belediyesi, 100 Ton At\u0131k Lasti\u011fi Geri D\u00f6n\u00fc\u015f\u00fcme Kazand\u0131rd\u0131\">\n                                                                            <\/div>\n                                    <div class=\"haber-detay\">\n                                                                                <h3 title=\"B\u00fcy\u00fck\u015fehir Belediyesi, 100 Ton At\u0131k Lasti\u011fi Geri D\u00f6n\u00fc\u015f\u00fcme Kazand\u0131rd\u0131\" class=\"haber-baslik\">B\u00fcy\u00fck\u015fehir Belediyesi, 100 Ton At\u0131k Lasti\u011fi Geri D\u00f6n\u00fc\u015f\u00fcme Kazand\u0131rd\u0131<\/h3>\n                                    <\/div>\n                                <\/div>\n                                                    <\/a>\n                    <\/div>\n                                    <div class=\"swiper-slide\">\n                        <a class=\"position-relative\" href=\"https:\/\/mardinhaberyolu.com\/?p=113272\">\n                                                            <div class=\"desen\">\n                                    <img decoding=\"async\" src=\"https:\/\/mardinhaberyolu.com\/wp-content\/themes\/RonseHaberV8\/bsthe\/lib\/tasarim\/icerik\/desen.png\" alt=\"\">\n                                <\/div>\n                                <div                                         class=\"yan-slider-icerik\">\n                                    <div class=\"yan-gorsel\">\n                                        <img decoding=\"async\" class=\"slider-gorseli\" src=\"https:\/\/mardinhaberyolu.com\/wp-content\/uploads\/2026\/04\/d1-2.jpg\"\n                                             alt=\"Derik\u2019te yol temizlik arac\u0131yla \u00e7arp\u0131\u015fan otomobilin s\u00fcr\u00fcc\u00fcs\u00fc 17 ay sonra vefat etti.\">\n                                                                            <\/div>\n                                    <div class=\"haber-detay\">\n                                                                                <h3 title=\"Derik\u2019te yol temizlik arac\u0131yla \u00e7arp\u0131\u015fan otomobilin s\u00fcr\u00fcc\u00fcs\u00fc 17 ay sonra vefat etti.\" class=\"haber-baslik\">Derik\u2019te yol temizlik arac\u0131yla \u00e7arp\u0131\u015fan otomobilin s\u00fcr\u00fcc\u00fcs\u00fc 17 ay sonra vefat etti.<\/h3>\n                                    <\/div>\n                                <\/div>\n                                                    <\/a>\n                    <\/div>\n                                    <div class=\"swiper-slide\">\n                        <a class=\"position-relative\" href=\"https:\/\/mardinhaberyolu.com\/?p=113264\">\n                                                            <div class=\"desen\">\n                                    <img decoding=\"async\" src=\"https:\/\/mardinhaberyolu.com\/wp-content\/themes\/RonseHaberV8\/bsthe\/lib\/tasarim\/icerik\/desen.png\" alt=\"\">\n                                <\/div>\n                                <div                                         class=\"yan-slider-icerik\">\n                                    <div class=\"yan-gorsel\">\n                                        <img decoding=\"async\" class=\"slider-gorseli\" src=\"https:\/\/mardinhaberyolu.com\/wp-content\/uploads\/2026\/04\/IMG-20260425-WA0022.jpg\"\n                                             alt=\"Mardin B\u00fcy\u00fck\u015fehir Belediyesi, Asfalt ve Yol Yenileme Seferberli\u011fi Ba\u015flatt\u0131\">\n                                                                            <\/div>\n                                    <div class=\"haber-detay\">\n                                                                                <h3 title=\"Mardin B\u00fcy\u00fck\u015fehir Belediyesi, Asfalt ve Yol Yenileme Seferberli\u011fi Ba\u015flatt\u0131\" class=\"haber-baslik\">Mardin B\u00fcy\u00fck\u015fehir Belediyesi, Asfalt ve Yol Yenileme Seferberli\u011fi Ba\u015flatt\u0131<\/h3>\n                                    <\/div>\n                                <\/div>\n                                                    <\/a>\n                    <\/div>\n                                    <div class=\"swiper-slide\">\n                        <a class=\"position-relative\" href=\"https:\/\/mardinhaberyolu.com\/?p=113260\">\n                                                            <div class=\"desen\">\n                                    <img decoding=\"async\" src=\"https:\/\/mardinhaberyolu.com\/wp-content\/themes\/RonseHaberV8\/bsthe\/lib\/tasarim\/icerik\/desen.png\" alt=\"\">\n                                <\/div>\n                                <div                                         class=\"yan-slider-icerik\">\n                                    <div class=\"yan-gorsel\">\n                                        <img decoding=\"async\" class=\"slider-gorseli\" src=\"https:\/\/mardinhaberyolu.com\/wp-content\/uploads\/2026\/04\/1-4-scaled.jpg\"\n                                             alt=\"Mardin\u2019de \u201cYerel Kalk\u0131nma Hamlesi\u201d bilgilendirme toplant\u0131s\u0131 d\u00fczenlendi\">\n                                                                            <\/div>\n                                    <div class=\"haber-detay\">\n                                                                                <h3 title=\"Mardin\u2019de \u201cYerel Kalk\u0131nma Hamlesi\u201d bilgilendirme toplant\u0131s\u0131 d\u00fczenlendi\" class=\"haber-baslik\">Mardin\u2019de \u201cYerel Kalk\u0131nma Hamlesi\u201d bilgilendirme toplant\u0131s\u0131 d\u00fczenlendi<\/h3>\n                                    <\/div>\n                                <\/div>\n                                                    <\/a>\n                    <\/div>\n                                    <div class=\"swiper-slide\">\n                        <a class=\"position-relative\" href=\"https:\/\/mardinhaberyolu.com\/?p=113256\">\n                                                            <div class=\"desen\">\n                                    <img decoding=\"async\" src=\"https:\/\/mardinhaberyolu.com\/wp-content\/themes\/RonseHaberV8\/bsthe\/lib\/tasarim\/icerik\/desen.png\" alt=\"\">\n                                <\/div>\n                                <div                                         class=\"yan-slider-icerik\">\n                                    <div class=\"yan-gorsel\">\n                                        <img decoding=\"async\" class=\"slider-gorseli\" src=\"https:\/\/mardinhaberyolu.com\/wp-content\/uploads\/2026\/04\/IMG-20260424-WA0059.jpg\"\n                                             alt=\"L\u00d6SEV\u2019den GGC\u2019ye ziyaret\">\n                                                                            <\/div>\n                                    <div class=\"haber-detay\">\n                                                                                <h3 title=\"L\u00d6SEV\u2019den GGC\u2019ye ziyaret\" class=\"haber-baslik\">L\u00d6SEV\u2019den GGC\u2019ye ziyaret<\/h3>\n                                    <\/div>\n                                <\/div>\n                                                    <\/a>\n                    <\/div>\n                                    <div class=\"swiper-slide\">\n                        <a class=\"position-relative\" href=\"https:\/\/mardinhaberyolu.com\/?p=113253\">\n                                                            <div class=\"desen\">\n                                    <img decoding=\"async\" src=\"https:\/\/mardinhaberyolu.com\/wp-content\/themes\/RonseHaberV8\/bsthe\/lib\/tasarim\/icerik\/desen.png\" alt=\"\">\n                                <\/div>\n                                <div                                         class=\"yan-slider-icerik\">\n                                    <div class=\"yan-gorsel\">\n                                        <img decoding=\"async\" class=\"slider-gorseli\" src=\"https:\/\/mardinhaberyolu.com\/wp-content\/uploads\/2026\/04\/WhatsApp-Image-2026-04-22-at-15.56.34.jpeg\"\n                                             alt=\"Mardin Hayvan Bak\u0131mevi\u2019nde Ba\u015far\u0131l\u0131 Operasyon, 1 Kiloluk T\u00fcm\u00f6r Al\u0131nd\u0131\">\n                                                                            <\/div>\n                                    <div class=\"haber-detay\">\n                                                                                <h3 title=\"Mardin Hayvan Bak\u0131mevi\u2019nde Ba\u015far\u0131l\u0131 Operasyon, 1 Kiloluk T\u00fcm\u00f6r Al\u0131nd\u0131\" class=\"haber-baslik\">Mardin Hayvan Bak\u0131mevi\u2019nde Ba\u015far\u0131l\u0131 Operasyon, 1 Kiloluk T\u00fcm\u00f6r Al\u0131nd\u0131<\/h3>\n                                    <\/div>\n                                <\/div>\n                                                    <\/a>\n                    <\/div>\n                                    <div class=\"swiper-slide\">\n                        <a class=\"position-relative\" href=\"https:\/\/mardinhaberyolu.com\/?p=113246\">\n                                                            <div class=\"desen\">\n                                    <img decoding=\"async\" src=\"https:\/\/mardinhaberyolu.com\/wp-content\/themes\/RonseHaberV8\/bsthe\/lib\/tasarim\/icerik\/desen.png\" alt=\"\">\n                                <\/div>\n                                <div                                         class=\"yan-slider-icerik\">\n                                    <div class=\"yan-gorsel\">\n                                        <img decoding=\"async\" class=\"slider-gorseli\" src=\"https:\/\/mardinhaberyolu.com\/wp-content\/uploads\/2026\/04\/IMG-20260424-WA0017-scaled.jpg\"\n                                             alt=\"Mardin \u00d6nder&#8217;den \u00d6\u011fretmenlere Karanfil Takdimi\">\n                                                                            <\/div>\n                                    <div class=\"haber-detay\">\n                                                                                <h3 title=\"Mardin \u00d6nder&#8217;den \u00d6\u011fretmenlere Karanfil Takdimi\" class=\"haber-baslik\">Mardin \u00d6nder&#8217;den \u00d6\u011fretmenlere Karanfil Takdimi<\/h3>\n                                    <\/div>\n                                <\/div>\n                                                    <\/a>\n                    <\/div>\n                                    <div class=\"swiper-slide\">\n                        <a class=\"position-relative\" href=\"https:\/\/mardinhaberyolu.com\/?p=113242\">\n                                                            <div class=\"desen\">\n                                    <img decoding=\"async\" src=\"https:\/\/mardinhaberyolu.com\/wp-content\/themes\/RonseHaberV8\/bsthe\/lib\/tasarim\/icerik\/desen.png\" alt=\"\">\n                                <\/div>\n                                <div                                         class=\"yan-slider-icerik\">\n                                    <div class=\"yan-gorsel\">\n                                        <img decoding=\"async\" class=\"slider-gorseli\" src=\"https:\/\/mardinhaberyolu.com\/wp-content\/uploads\/2026\/04\/ms1.jpg\"\n                                             alt=\"Mardin 1969 Spor Belli: 1. Lige  Y\u00fckselmek\">\n                                                                            <\/div>\n                                    <div class=\"haber-detay\">\n                                                                                <h3 title=\"Mardin 1969 Spor Belli: 1. Lige  Y\u00fckselmek\" class=\"haber-baslik\">Mardin 1969 Spor Belli: 1. Lige  Y\u00fckselmek<\/h3>\n                                    <\/div>\n                                <\/div>\n                                                    <\/a>\n                    <\/div>\n                                    <div class=\"swiper-slide\">\n                        <a class=\"position-relative\" href=\"https:\/\/mardinhaberyolu.com\/?p=113239\">\n                                                            <div class=\"desen\">\n                                    <img decoding=\"async\" src=\"https:\/\/mardinhaberyolu.com\/wp-content\/themes\/RonseHaberV8\/bsthe\/lib\/tasarim\/icerik\/desen.png\" alt=\"\">\n                                <\/div>\n                                <div                                         class=\"yan-slider-icerik\">\n                                    <div class=\"yan-gorsel\">\n                                        <img decoding=\"async\" class=\"slider-gorseli\" src=\"https:\/\/mardinhaberyolu.com\/wp-content\/uploads\/2026\/04\/IMG-20260422-WA0121-scaled.jpg\"\n                                             alt=\"AK Parti \u0130l Ba\u015fkan\u0131 Uncu&#8217;nun 23 Nisan Mesaj\u0131\">\n                                                                            <\/div>\n                                    <div class=\"haber-detay\">\n                                                                                <h3 title=\"AK Parti \u0130l Ba\u015fkan\u0131 Uncu&#8217;nun 23 Nisan Mesaj\u0131\" class=\"haber-baslik\">AK Parti \u0130l Ba\u015fkan\u0131 Uncu&#8217;nun 23 Nisan Mesaj\u0131<\/h3>\n                                    <\/div>\n                                <\/div>\n                                                    <\/a>\n                    <\/div>\n                                    <div class=\"swiper-slide\">\n                        <a class=\"position-relative\" href=\"https:\/\/mardinhaberyolu.com\/?p=113233\">\n                                                            <div class=\"desen\">\n                                    <img decoding=\"async\" src=\"https:\/\/mardinhaberyolu.com\/wp-content\/themes\/RonseHaberV8\/bsthe\/lib\/tasarim\/icerik\/desen.png\" alt=\"\">\n                                <\/div>\n                                <div                                         class=\"yan-slider-icerik\">\n                                    <div class=\"yan-gorsel\">\n                                        <img decoding=\"async\" class=\"slider-gorseli\" src=\"https:\/\/mardinhaberyolu.com\/wp-content\/uploads\/2026\/04\/IMG-20260422-WA0086-scaled.jpg\"\n                                             alt=\"Minik Ela Naz, Valilik Koltu\u011funa Oturdu\">\n                                                                            <\/div>\n                                    <div class=\"haber-detay\">\n                                                                                <h3 title=\"Minik Ela Naz, Valilik Koltu\u011funa Oturdu\" class=\"haber-baslik\">Minik Ela Naz, Valilik Koltu\u011funa Oturdu<\/h3>\n                                    <\/div>\n                                <\/div>\n                                                    <\/a>\n                    <\/div>\n                                    <div class=\"swiper-slide\">\n                        <a class=\"position-relative\" href=\"https:\/\/mardinhaberyolu.com\/?p=113228\">\n                                                            <div class=\"desen\">\n                                    <img decoding=\"async\" src=\"https:\/\/mardinhaberyolu.com\/wp-content\/themes\/RonseHaberV8\/bsthe\/lib\/tasarim\/icerik\/desen.png\" alt=\"\">\n                                <\/div>\n                                <div                                         class=\"yan-slider-icerik\">\n                                    <div class=\"yan-gorsel\">\n                                        <img decoding=\"async\" class=\"slider-gorseli\" src=\"https:\/\/mardinhaberyolu.com\/wp-content\/uploads\/2026\/04\/m1-3.jpg\"\n                                             alt=\"MA\u00dc, M\u0131s\u0131r\u2019daki \u0130ki \u00dcniversite ile \u0130\u015f Birli\u011fi Protokol\u00fc \u0130mzalad\u0131\">\n                                                                            <\/div>\n                                    <div class=\"haber-detay\">\n                                                                                <h3 title=\"MA\u00dc, M\u0131s\u0131r\u2019daki \u0130ki \u00dcniversite ile \u0130\u015f Birli\u011fi Protokol\u00fc \u0130mzalad\u0131\" class=\"haber-baslik\">MA\u00dc, M\u0131s\u0131r\u2019daki \u0130ki \u00dcniversite ile \u0130\u015f Birli\u011fi Protokol\u00fc \u0130mzalad\u0131<\/h3>\n                                    <\/div>\n                                <\/div>\n                                                    <\/a>\n                    <\/div>\n                                    <div class=\"swiper-slide\">\n                        <a class=\"position-relative\" href=\"https:\/\/mardinhaberyolu.com\/?p=113225\">\n                                                            <div class=\"desen\">\n                                    <img decoding=\"async\" src=\"https:\/\/mardinhaberyolu.com\/wp-content\/themes\/RonseHaberV8\/bsthe\/lib\/tasarim\/icerik\/desen.png\" alt=\"\">\n                                <\/div>\n                                <div                                         class=\"yan-slider-icerik\">\n                                    <div class=\"yan-gorsel\">\n                                        <img decoding=\"async\" class=\"slider-gorseli\" src=\"https:\/\/mardinhaberyolu.com\/wp-content\/uploads\/2026\/04\/B1-2.jpg\"\n                                             alt=\"23 Nisan\u2019da B\u00fcy\u00fck\u015fehir Ara\u00e7lar\u0131nda Toplu Ula\u015f\u0131m \u00dccretsiz\">\n                                                                            <\/div>\n                                    <div class=\"haber-detay\">\n                                                                                <h3 title=\"23 Nisan\u2019da B\u00fcy\u00fck\u015fehir Ara\u00e7lar\u0131nda Toplu Ula\u015f\u0131m \u00dccretsiz\" class=\"haber-baslik\">23 Nisan\u2019da B\u00fcy\u00fck\u015fehir Ara\u00e7lar\u0131nda Toplu Ula\u015f\u0131m \u00dccretsiz<\/h3>\n                                    <\/div>\n                                <\/div>\n                                                    <\/a>\n                    <\/div>\n                                    <div class=\"swiper-slide\">\n                        <a class=\"position-relative\" href=\"https:\/\/mardinhaberyolu.com\/?p=113221\">\n                                                            <div class=\"desen\">\n                                    <img decoding=\"async\" src=\"https:\/\/mardinhaberyolu.com\/wp-content\/themes\/RonseHaberV8\/bsthe\/lib\/tasarim\/icerik\/desen.png\" alt=\"\">\n                                <\/div>\n                                <div                                         class=\"yan-slider-icerik\">\n                                    <div class=\"yan-gorsel\">\n                                        <img decoding=\"async\" class=\"slider-gorseli\" src=\"https:\/\/mardinhaberyolu.com\/wp-content\/uploads\/2026\/04\/ts1.jpg\"\n                                             alt=\"Mardin\u2019den Rusya\u2019ya Uzanan Yeni Ticaret K\u00f6pr\u00fcs\u00fc\">\n                                                                            <\/div>\n                                    <div class=\"haber-detay\">\n                                                                                <h3 title=\"Mardin\u2019den Rusya\u2019ya Uzanan Yeni Ticaret K\u00f6pr\u00fcs\u00fc\" class=\"haber-baslik\">Mardin\u2019den Rusya\u2019ya Uzanan Yeni Ticaret K\u00f6pr\u00fcs\u00fc<\/h3>\n                                    <\/div>\n                                <\/div>\n                                                    <\/a>\n                    <\/div>\n                                    <div class=\"swiper-slide\">\n                        <a class=\"position-relative\" href=\"https:\/\/mardinhaberyolu.com\/?p=113218\">\n                                                            <div class=\"desen\">\n                                    <img decoding=\"async\" src=\"https:\/\/mardinhaberyolu.com\/wp-content\/themes\/RonseHaberV8\/bsthe\/lib\/tasarim\/icerik\/desen.png\" alt=\"\">\n                                <\/div>\n                                <div                                         class=\"yan-slider-icerik\">\n                                    <div class=\"yan-gorsel\">\n                                        <img decoding=\"async\" class=\"slider-gorseli\" src=\"https:\/\/mardinhaberyolu.com\/wp-content\/uploads\/2026\/04\/ts.jpg\"\n                                             alt=\"Mardin\u2019de yat\u0131r\u0131m ve kalk\u0131nma odakl\u0131 bulu\u015fma\">\n                                                                            <\/div>\n                                    <div class=\"haber-detay\">\n                                                                                <h3 title=\"Mardin\u2019de yat\u0131r\u0131m ve kalk\u0131nma odakl\u0131 bulu\u015fma\" class=\"haber-baslik\">Mardin\u2019de yat\u0131r\u0131m ve kalk\u0131nma odakl\u0131 bulu\u015fma<\/h3>\n                                    <\/div>\n                                <\/div>\n                                                    <\/a>\n                    <\/div>\n                                    <div class=\"swiper-slide\">\n                        <a class=\"position-relative\" href=\"https:\/\/mardinhaberyolu.com\/?p=113213\">\n                                                            <div class=\"desen\">\n                                    <img decoding=\"async\" src=\"https:\/\/mardinhaberyolu.com\/wp-content\/themes\/RonseHaberV8\/bsthe\/lib\/tasarim\/icerik\/desen.png\" alt=\"\">\n                                <\/div>\n                                <div                                         class=\"yan-slider-icerik\">\n                                    <div class=\"yan-gorsel\">\n                                        <img decoding=\"async\" class=\"slider-gorseli\" src=\"https:\/\/mardinhaberyolu.com\/wp-content\/uploads\/2026\/04\/fk.jpg\"\n                                             alt=\"Milletvekili Faruk K\u0131l\u0131\u00e7&#8217;tan Ulusal Egemenlik ve \u00c7ocuk Bayram\u0131 Mesaj\u0131\">\n                                                                            <\/div>\n                                    <div class=\"haber-detay\">\n                                                                                <h3 title=\"Milletvekili Faruk K\u0131l\u0131\u00e7&#8217;tan Ulusal Egemenlik ve \u00c7ocuk Bayram\u0131 Mesaj\u0131\" class=\"haber-baslik\">Milletvekili Faruk K\u0131l\u0131\u00e7&#8217;tan Ulusal Egemenlik ve \u00c7ocuk Bayram\u0131 Mesaj\u0131<\/h3>\n                                    <\/div>\n                                <\/div>\n                                                    <\/a>\n                    <\/div>\n                                    <div class=\"swiper-slide\">\n                        <a class=\"position-relative\" href=\"https:\/\/mardinhaberyolu.com\/?p=113208\">\n                                                            <div class=\"desen\">\n                                    <img decoding=\"async\" src=\"https:\/\/mardinhaberyolu.com\/wp-content\/themes\/RonseHaberV8\/bsthe\/lib\/tasarim\/icerik\/desen.png\" alt=\"\">\n                                <\/div>\n                                <div                                         class=\"yan-slider-icerik\">\n                                    <div class=\"yan-gorsel\">\n                                        <img decoding=\"async\" class=\"slider-gorseli\" src=\"https:\/\/mardinhaberyolu.com\/wp-content\/uploads\/2026\/04\/t1.jpg\"\n                                             alt=\"MA\u00dc\u2019de T\u0131bb\u0131n Gelece\u011fi Masaya Yat\u0131r\u0131ld\u0131\">\n                                                                            <\/div>\n                                    <div class=\"haber-detay\">\n                                                                                <h3 title=\"MA\u00dc\u2019de T\u0131bb\u0131n Gelece\u011fi Masaya Yat\u0131r\u0131ld\u0131\" class=\"haber-baslik\">MA\u00dc\u2019de T\u0131bb\u0131n Gelece\u011fi Masaya Yat\u0131r\u0131ld\u0131<\/h3>\n                                    <\/div>\n                                <\/div>\n                                                    <\/a>\n                    <\/div>\n                                    <div class=\"swiper-slide\">\n                        <a class=\"position-relative\" href=\"https:\/\/mardinhaberyolu.com\/?p=113203\">\n                                                            <div class=\"desen\">\n                                    <img decoding=\"async\" src=\"https:\/\/mardinhaberyolu.com\/wp-content\/themes\/RonseHaberV8\/bsthe\/lib\/tasarim\/icerik\/desen.png\" alt=\"\">\n                                <\/div>\n                                <div                                         class=\"yan-slider-icerik\">\n                                    <div class=\"yan-gorsel\">\n                                        <img decoding=\"async\" class=\"slider-gorseli\" src=\"https:\/\/mardinhaberyolu.com\/wp-content\/uploads\/2026\/04\/mau1.jpg\"\n                                             alt=\"Tarihin \u0130lm\u00ee Gelene\u011fi, MA\u00dc ile Yeniden Canland\u0131\">\n                                                                            <\/div>\n                                    <div class=\"haber-detay\">\n                                                                                <h3 title=\"Tarihin \u0130lm\u00ee Gelene\u011fi, MA\u00dc ile Yeniden Canland\u0131\" class=\"haber-baslik\">Tarihin \u0130lm\u00ee Gelene\u011fi, MA\u00dc ile Yeniden Canland\u0131<\/h3>\n                                    <\/div>\n                                <\/div>\n                                                    <\/a>\n                    <\/div>\n                                    <div class=\"swiper-slide\">\n                        <a class=\"position-relative\" href=\"https:\/\/mardinhaberyolu.com\/?p=113198\">\n                                                            <div class=\"desen\">\n                                    <img decoding=\"async\" src=\"https:\/\/mardinhaberyolu.com\/wp-content\/themes\/RonseHaberV8\/bsthe\/lib\/tasarim\/icerik\/desen.png\" alt=\"\">\n                                <\/div>\n                                <div                                         class=\"yan-slider-icerik\">\n                                    <div class=\"yan-gorsel\">\n                                        <img decoding=\"async\" class=\"slider-gorseli\" src=\"https:\/\/mardinhaberyolu.com\/wp-content\/uploads\/2026\/04\/b2.jpg\"\n                                             alt=\"Bah\u00e7elievler \u0130lkokulundan &#8220;Haydi Anne Sen De Oku&#8221; Kitap Okuma Yar\u0131\u015fmas\u0131\">\n                                                                            <\/div>\n                                    <div class=\"haber-detay\">\n                                                                                <h3 title=\"Bah\u00e7elievler \u0130lkokulundan &#8220;Haydi Anne Sen De Oku&#8221; Kitap Okuma Yar\u0131\u015fmas\u0131\" class=\"haber-baslik\">Bah\u00e7elievler \u0130lkokulundan &#8220;Haydi Anne Sen De Oku&#8221; Kitap Okuma Yar\u0131\u015fmas\u0131<\/h3>\n                                    <\/div>\n                                <\/div>\n                                                    <\/a>\n                    <\/div>\n                                    <div class=\"swiper-slide\">\n                        <a class=\"position-relative\" href=\"https:\/\/mardinhaberyolu.com\/?p=113194\">\n                                                            <div class=\"desen\">\n                                    <img decoding=\"async\" src=\"https:\/\/mardinhaberyolu.com\/wp-content\/themes\/RonseHaberV8\/bsthe\/lib\/tasarim\/icerik\/desen.png\" alt=\"\">\n                                <\/div>\n                                <div                                         class=\"yan-slider-icerik\">\n                                    <div class=\"yan-gorsel\">\n                                        <img decoding=\"async\" class=\"slider-gorseli\" src=\"https:\/\/mardinhaberyolu.com\/wp-content\/uploads\/2026\/04\/k1.jpg\"\n                                             alt=\"MARTED Kongresi Yap\u0131ld\u0131\">\n                                                                            <\/div>\n                                    <div class=\"haber-detay\">\n                                                                                <h3 title=\"MARTED Kongresi Yap\u0131ld\u0131\" class=\"haber-baslik\">MARTED Kongresi Yap\u0131ld\u0131<\/h3>\n                                    <\/div>\n                                <\/div>\n                                                    <\/a>\n                    <\/div>\n                                    <div class=\"swiper-slide\">\n                        <a class=\"position-relative\" href=\"https:\/\/mardinhaberyolu.com\/?p=113190\">\n                                                            <div class=\"desen\">\n                                    <img decoding=\"async\" src=\"https:\/\/mardinhaberyolu.com\/wp-content\/themes\/RonseHaberV8\/bsthe\/lib\/tasarim\/icerik\/desen.png\" alt=\"\">\n                                <\/div>\n                                <div                                         class=\"yan-slider-icerik\">\n                                    <div class=\"yan-gorsel\">\n                                        <img decoding=\"async\" class=\"slider-gorseli\" src=\"https:\/\/mardinhaberyolu.com\/wp-content\/uploads\/2026\/04\/m1-2.jpg\"\n                                             alt=\"Mardin B\u00fcy\u00fck\u015fehir Belediyesi ve MARSU\u2019dan Sel Seferberli\u011fi\">\n                                                                            <\/div>\n                                    <div class=\"haber-detay\">\n                                                                                <h3 title=\"Mardin B\u00fcy\u00fck\u015fehir Belediyesi ve MARSU\u2019dan Sel Seferberli\u011fi\" class=\"haber-baslik\">Mardin B\u00fcy\u00fck\u015fehir Belediyesi ve MARSU\u2019dan Sel Seferberli\u011fi<\/h3>\n                                    <\/div>\n                                <\/div>\n                                                    <\/a>\n                    <\/div>\n                                    <div class=\"swiper-slide\">\n                        <a class=\"position-relative\" href=\"https:\/\/mardinhaberyolu.com\/?p=113183\">\n                                                            <div class=\"desen\">\n                                    <img decoding=\"async\" src=\"https:\/\/mardinhaberyolu.com\/wp-content\/themes\/RonseHaberV8\/bsthe\/lib\/tasarim\/icerik\/desen.png\" alt=\"\">\n                                <\/div>\n                                <div                                         class=\"yan-slider-icerik\">\n                                    <div class=\"yan-gorsel\">\n                                        <img decoding=\"async\" class=\"slider-gorseli\" src=\"https:\/\/mardinhaberyolu.com\/wp-content\/uploads\/2026\/04\/IMG-20260419-WA0017.jpg\"\n                                             alt=\"\">\n                                                                            <\/div>\n                                    <div class=\"haber-detay\">\n                                                                                <h3 title=\"\" class=\"haber-baslik\"><\/h3>\n                                    <\/div>\n                                <\/div>\n                                                    <\/a>\n                    <\/div>\n                                    <div class=\"swiper-slide\">\n                        <a class=\"position-relative\" href=\"https:\/\/mardinhaberyolu.com\/?p=113180\">\n                                                            <div class=\"desen\">\n                                    <img decoding=\"async\" src=\"https:\/\/mardinhaberyolu.com\/wp-content\/themes\/RonseHaberV8\/bsthe\/lib\/tasarim\/icerik\/desen.png\" alt=\"\">\n                                <\/div>\n                                <div                                         class=\"yan-slider-icerik\">\n                                    <div class=\"yan-gorsel\">\n                                        <img decoding=\"async\" class=\"slider-gorseli\" src=\"https:\/\/mardinhaberyolu.com\/wp-content\/uploads\/2026\/04\/IMG-20260419-WA0012.jpg\"\n                                             alt=\"Milletvekili K\u0131l\u0131\u00e7, Can Kayb\u0131n\u0131n Ya\u015fanmam\u0131\u015f Olmas\u0131 En B\u00fcy\u00fck Tesellimiz Oldu\">\n                                                                            <\/div>\n                                    <div class=\"haber-detay\">\n                                                                                <h3 title=\"Milletvekili K\u0131l\u0131\u00e7, Can Kayb\u0131n\u0131n Ya\u015fanmam\u0131\u015f Olmas\u0131 En B\u00fcy\u00fck Tesellimiz Oldu\" class=\"haber-baslik\">Milletvekili K\u0131l\u0131\u00e7, Can Kayb\u0131n\u0131n Ya\u015fanmam\u0131\u015f Olmas\u0131 En B\u00fcy\u00fck Tesellimiz Oldu<\/h3>\n                                    <\/div>\n                                <\/div>\n                                                    <\/a>\n                    <\/div>\n                            <\/div>\n                            <div class=\"swiper-button-next\"><\/div>\n                <div class=\"swiper-button-prev\"><\/div>\n                        <div class=\"swiper-pagination position-relative\"><\/div>\n        <\/div>\n        \t\t\t\t<\/div>\n\t\t\t\t<\/div>\n\t\t\t\t\t<\/div>\n\t\t\t\t<\/div>\n\t\t<div class=\"elementor-element elementor-element-250bc91 e-flex e-con-boxed e-con e-parent\" data-id=\"250bc91\" data-element_type=\"container\" data-e-type=\"container\">\n\t\t\t\t\t<div class=\"e-con-inner\">\n\t\t<div class=\"elementor-element elementor-element-3242f0a e-con-full e-flex e-con e-child\" data-id=\"3242f0a\" data-element_type=\"container\" data-e-type=\"container\">\n\t\t\t\t<div class=\"elementor-element elementor-element-a3fb794 elementor-widget elementor-widget-ronse_slider\" data-id=\"a3fb794\" data-element_type=\"widget\" data-e-type=\"widget\" data-widget_type=\"ronse_slider.default\">\n\t\t\t\t<div class=\"elementor-widget-container\">\n\t\t\t\t\t        <div class=\"swiper numarali tam-genislik solda\">\n            <div class=\"swiper-wrapper\">\n                                    <div class=\"swiper-slide ronse-slider-url ronse-slider-detay\">\n                        <a href=\"https:\/\/mardinhaberyolu.com\/?p=113318\">\n                                                            <img decoding=\"async\" loading=\"lazy\" class=\"slider-gorseli\" src=\"https:\/\/mardinhaberyolu.com\/wp-content\/uploads\/2026\/04\/IMG-20260429-WA0048.jpg\" alt=\"Milletvekili K\u0131l\u0131\u00e7&#8217;tan Sa\u011fl\u0131k Bakan\u0131 Kemal Memi\u015fo\u011flu&#8217;na Ziyaret\">\n                                                                                                <h3 title=\"Milletvekili K\u0131l\u0131\u00e7&#8217;tan Sa\u011fl\u0131k Bakan\u0131 Kemal Memi\u015fo\u011flu&#8217;na Ziyaret\" class=\"haber-baslik\">Milletvekili K\u0131l\u0131\u00e7&#8217;tan Sa\u011fl\u0131k Bakan\u0131 Kemal Memi\u015fo\u011flu&#8217;na Ziyaret<\/h3>\n                                                    <\/a>\n                    <\/div>\n                                    <div class=\"swiper-slide ronse-slider-url ronse-slider-detay\">\n                        <a href=\"https:\/\/mardinhaberyolu.com\/?p=113313\">\n                                                            <img decoding=\"async\" loading=\"lazy\" class=\"slider-gorseli\" src=\"https:\/\/mardinhaberyolu.com\/wp-content\/uploads\/2026\/04\/MC.jpg\" alt=\"MARSU&#8221;dan Yeni Su \u015eebekesi\">\n                                                                                                <h3 title=\"MARSU&#8221;dan Yeni Su \u015eebekesi\" class=\"haber-baslik\">MARSU&#8221;dan Yeni Su \u015eebekesi<\/h3>\n                                                    <\/a>\n                    <\/div>\n                                    <div class=\"swiper-slide ronse-slider-url ronse-slider-detay\">\n                        <a href=\"https:\/\/mardinhaberyolu.com\/?p=113310\">\n                                                            <img decoding=\"async\" loading=\"lazy\" class=\"slider-gorseli\" src=\"https:\/\/mardinhaberyolu.com\/wp-content\/uploads\/2026\/04\/tesbih4-scaled.png\" alt=\"Mardin\u2019de Tespih Sanat\u0131 Fuar\u0131 Kap\u0131lar\u0131n\u0131 A\u00e7\u0131yor\">\n                                                                                                <h3 title=\"Mardin\u2019de Tespih Sanat\u0131 Fuar\u0131 Kap\u0131lar\u0131n\u0131 A\u00e7\u0131yor\" class=\"haber-baslik\">Mardin\u2019de Tespih Sanat\u0131 Fuar\u0131 Kap\u0131lar\u0131n\u0131 A\u00e7\u0131yor<\/h3>\n                                                    <\/a>\n                    <\/div>\n                                    <div class=\"swiper-slide ronse-slider-url ronse-slider-detay\">\n                        <a href=\"https:\/\/mardinhaberyolu.com\/?p=113306\">\n                                                            <img decoding=\"async\" loading=\"lazy\" class=\"slider-gorseli\" src=\"https:\/\/mardinhaberyolu.com\/wp-content\/uploads\/2026\/04\/dogan-bekinden-secim-basarisi-aciklamasi-003958-20240404.jpg\" alt=\"YRP&#8217;den Kahramanmara\u015f&#8217;taki Mardinspor Taraftarlar\u0131na &#8216;Play Off Yasa\u011f\u0131&#8217;na Tepki\">\n                                                                                                <h3 title=\"YRP&#8217;den Kahramanmara\u015f&#8217;taki Mardinspor Taraftarlar\u0131na &#8216;Play Off Yasa\u011f\u0131&#8217;na Tepki\" class=\"haber-baslik\">YRP&#8217;den Kahramanmara\u015f&#8217;taki Mardinspor Taraftarlar\u0131na &#8216;Play Off Yasa\u011f\u0131&#8217;na Tepki<\/h3>\n                                                    <\/a>\n                    <\/div>\n                                    <div class=\"swiper-slide ronse-slider-url ronse-slider-detay\">\n                        <a href=\"https:\/\/mardinhaberyolu.com\/?p=113303\">\n                                                            <img decoding=\"async\" loading=\"lazy\" class=\"slider-gorseli\" src=\"https:\/\/mardinhaberyolu.com\/wp-content\/uploads\/2026\/04\/em1.jpg\" alt=\"Derik&#8217;te Karahan Kona\u011f\u0131 restorasyonuna ba\u015fland\u0131\">\n                                                                                                <h3 title=\"Derik&#8217;te Karahan Kona\u011f\u0131 restorasyonuna ba\u015fland\u0131\" class=\"haber-baslik\">Derik&#8217;te Karahan Kona\u011f\u0131 restorasyonuna ba\u015fland\u0131<\/h3>\n                                                    <\/a>\n                    <\/div>\n                                    <div class=\"swiper-slide ronse-slider-url ronse-slider-detay\">\n                        <a href=\"https:\/\/mardinhaberyolu.com\/?p=113295\">\n                                                            <img decoding=\"async\" loading=\"lazy\" class=\"slider-gorseli\" src=\"https:\/\/mardinhaberyolu.com\/wp-content\/uploads\/2026\/04\/IMG-20260428-WA0154-scaled.jpg\" alt=\"Kurumlar aras\u0131 futbol turnuvas\u0131 ba\u015flad\u0131\">\n                                                                                                <h3 title=\"Kurumlar aras\u0131 futbol turnuvas\u0131 ba\u015flad\u0131\" class=\"haber-baslik\">Kurumlar aras\u0131 futbol turnuvas\u0131 ba\u015flad\u0131<\/h3>\n                                                    <\/a>\n                    <\/div>\n                                    <div class=\"swiper-slide ronse-slider-url ronse-slider-detay\">\n                        <a href=\"https:\/\/mardinhaberyolu.com\/?p=113290\">\n                                                            <img decoding=\"async\" loading=\"lazy\" class=\"slider-gorseli\" src=\"https:\/\/mardinhaberyolu.com\/wp-content\/uploads\/2026\/04\/IMG-20260428-WA0125-scaled.jpg\" alt=\"13 Mart Mahallesi\u2019nde Elektrik Altyap\u0131 \u00c7al\u0131\u015fmalar\u0131 Ba\u015flad\u0131\">\n                                                                                                <h3 title=\"13 Mart Mahallesi\u2019nde Elektrik Altyap\u0131 \u00c7al\u0131\u015fmalar\u0131 Ba\u015flad\u0131\" class=\"haber-baslik\">13 Mart Mahallesi\u2019nde Elektrik Altyap\u0131 \u00c7al\u0131\u015fmalar\u0131 Ba\u015flad\u0131<\/h3>\n                                                    <\/a>\n                    <\/div>\n                                    <div class=\"swiper-slide ronse-slider-url ronse-slider-detay\">\n                        <a href=\"https:\/\/mardinhaberyolu.com\/?p=113285\">\n                                                            <img decoding=\"async\" loading=\"lazy\" class=\"slider-gorseli\" src=\"https:\/\/mardinhaberyolu.com\/wp-content\/uploads\/2026\/04\/MS1-1.jpg\" alt=\"Mardin 1969 Spor\u2019un Play-Off \u00f6ncesi \u0130statistikleri\u00a0\">\n                                                                                                <h3 title=\"Mardin 1969 Spor\u2019un Play-Off \u00f6ncesi \u0130statistikleri\u00a0\" class=\"haber-baslik\">Mardin 1969 Spor\u2019un Play-Off \u00f6ncesi \u0130statistikleri\u00a0<\/h3>\n                                                    <\/a>\n                    <\/div>\n                                    <div class=\"swiper-slide ronse-slider-url ronse-slider-detay\">\n                        <a href=\"https:\/\/mardinhaberyolu.com\/?p=113281\">\n                                                            <img decoding=\"async\" loading=\"lazy\" class=\"slider-gorseli\" src=\"https:\/\/mardinhaberyolu.com\/wp-content\/uploads\/2026\/04\/AR.jpg\" alt=\"Artuklu Belediyesi Sara\u00e7o\u011flu Mahallesi\u2019nde Yol Yenileme \u00c7al\u0131\u015fmalar\u0131n\u0131 S\u00fcrd\u00fcr\u00fcyor\">\n                                                                                                <h3 title=\"Artuklu Belediyesi Sara\u00e7o\u011flu Mahallesi\u2019nde Yol Yenileme \u00c7al\u0131\u015fmalar\u0131n\u0131 S\u00fcrd\u00fcr\u00fcyor\" class=\"haber-baslik\">Artuklu Belediyesi Sara\u00e7o\u011flu Mahallesi\u2019nde Yol Yenileme \u00c7al\u0131\u015fmalar\u0131n\u0131 S\u00fcrd\u00fcr\u00fcyor<\/h3>\n                                                    <\/a>\n                    <\/div>\n                                    <div class=\"swiper-slide ronse-slider-url ronse-slider-detay\">\n                        <a href=\"https:\/\/mardinhaberyolu.com\/?p=113276\">\n                                                            <img decoding=\"async\" loading=\"lazy\" class=\"slider-gorseli\" src=\"https:\/\/mardinhaberyolu.com\/wp-content\/uploads\/2026\/04\/L1.jpg\" alt=\"B\u00fcy\u00fck\u015fehir Belediyesi, 100 Ton At\u0131k Lasti\u011fi Geri D\u00f6n\u00fc\u015f\u00fcme Kazand\u0131rd\u0131\">\n                                                                                                <h3 title=\"B\u00fcy\u00fck\u015fehir Belediyesi, 100 Ton At\u0131k Lasti\u011fi Geri D\u00f6n\u00fc\u015f\u00fcme Kazand\u0131rd\u0131\" class=\"haber-baslik\">B\u00fcy\u00fck\u015fehir Belediyesi, 100 Ton At\u0131k Lasti\u011fi Geri D\u00f6n\u00fc\u015f\u00fcme Kazand\u0131rd\u0131<\/h3>\n                                                    <\/a>\n                    <\/div>\n                                    <div class=\"swiper-slide ronse-slider-url ronse-slider-detay\">\n                        <a href=\"https:\/\/mardinhaberyolu.com\/?p=113272\">\n                                                            <img decoding=\"async\" loading=\"lazy\" class=\"slider-gorseli\" src=\"https:\/\/mardinhaberyolu.com\/wp-content\/uploads\/2026\/04\/d1-2.jpg\" alt=\"Derik\u2019te yol temizlik arac\u0131yla \u00e7arp\u0131\u015fan otomobilin s\u00fcr\u00fcc\u00fcs\u00fc 17 ay sonra vefat etti.\">\n                                                                                                <h3 title=\"Derik\u2019te yol temizlik arac\u0131yla \u00e7arp\u0131\u015fan otomobilin s\u00fcr\u00fcc\u00fcs\u00fc 17 ay sonra vefat etti.\" class=\"haber-baslik\">Derik\u2019te yol temizlik arac\u0131yla \u00e7arp\u0131\u015fan otomobilin s\u00fcr\u00fcc\u00fcs\u00fc 17 ay sonra vefat etti.<\/h3>\n                                                    <\/a>\n                    <\/div>\n                                    <div class=\"swiper-slide ronse-slider-url ronse-slider-detay\">\n                        <a href=\"https:\/\/mardinhaberyolu.com\/?p=113264\">\n                                                            <img decoding=\"async\" loading=\"lazy\" class=\"slider-gorseli\" src=\"https:\/\/mardinhaberyolu.com\/wp-content\/uploads\/2026\/04\/IMG-20260425-WA0022.jpg\" alt=\"Mardin B\u00fcy\u00fck\u015fehir Belediyesi, Asfalt ve Yol Yenileme Seferberli\u011fi Ba\u015flatt\u0131\">\n                                                                                                <h3 title=\"Mardin B\u00fcy\u00fck\u015fehir Belediyesi, Asfalt ve Yol Yenileme Seferberli\u011fi Ba\u015flatt\u0131\" class=\"haber-baslik\">Mardin B\u00fcy\u00fck\u015fehir Belediyesi, Asfalt ve Yol Yenileme Seferberli\u011fi Ba\u015flatt\u0131<\/h3>\n                                                    <\/a>\n                    <\/div>\n                                    <div class=\"swiper-slide ronse-slider-url ronse-slider-detay\">\n                        <a href=\"https:\/\/mardinhaberyolu.com\/?p=113260\">\n                                                            <img decoding=\"async\" loading=\"lazy\" class=\"slider-gorseli\" src=\"https:\/\/mardinhaberyolu.com\/wp-content\/uploads\/2026\/04\/1-4-scaled.jpg\" alt=\"Mardin\u2019de \u201cYerel Kalk\u0131nma Hamlesi\u201d bilgilendirme toplant\u0131s\u0131 d\u00fczenlendi\">\n                                                                                                <h3 title=\"Mardin\u2019de \u201cYerel Kalk\u0131nma Hamlesi\u201d bilgilendirme toplant\u0131s\u0131 d\u00fczenlendi\" class=\"haber-baslik\">Mardin\u2019de \u201cYerel Kalk\u0131nma Hamlesi\u201d bilgilendirme toplant\u0131s\u0131 d\u00fczenlendi<\/h3>\n                                                    <\/a>\n                    <\/div>\n                                    <div class=\"swiper-slide ronse-slider-url ronse-slider-detay\">\n                        <a href=\"https:\/\/mardinhaberyolu.com\/?p=113256\">\n                                                            <img decoding=\"async\" loading=\"lazy\" class=\"slider-gorseli\" src=\"https:\/\/mardinhaberyolu.com\/wp-content\/uploads\/2026\/04\/IMG-20260424-WA0059.jpg\" alt=\"L\u00d6SEV\u2019den GGC\u2019ye ziyaret\">\n                                                                                                <h3 title=\"L\u00d6SEV\u2019den GGC\u2019ye ziyaret\" class=\"haber-baslik\">L\u00d6SEV\u2019den GGC\u2019ye ziyaret<\/h3>\n                                                    <\/a>\n                    <\/div>\n                                    <div class=\"swiper-slide ronse-slider-url ronse-slider-detay\">\n                        <a href=\"https:\/\/mardinhaberyolu.com\/?p=113253\">\n                                                            <img decoding=\"async\" loading=\"lazy\" class=\"slider-gorseli\" src=\"https:\/\/mardinhaberyolu.com\/wp-content\/uploads\/2026\/04\/WhatsApp-Image-2026-04-22-at-15.56.34.jpeg\" alt=\"Mardin Hayvan Bak\u0131mevi\u2019nde Ba\u015far\u0131l\u0131 Operasyon, 1 Kiloluk T\u00fcm\u00f6r Al\u0131nd\u0131\">\n                                                                                                <h3 title=\"Mardin Hayvan Bak\u0131mevi\u2019nde Ba\u015far\u0131l\u0131 Operasyon, 1 Kiloluk T\u00fcm\u00f6r Al\u0131nd\u0131\" class=\"haber-baslik\">Mardin Hayvan Bak\u0131mevi\u2019nde Ba\u015far\u0131l\u0131 Operasyon, 1 Kiloluk T\u00fcm\u00f6r Al\u0131nd\u0131<\/h3>\n                                                    <\/a>\n                    <\/div>\n                            <\/div>\n                            <div class=\"swiper-button-next\"><\/div>\n                <div class=\"swiper-button-prev\"><\/div>\n                        <div class=\"swiper-pagination\"><\/div>\n        <\/div>\n        \t\t\t\t<\/div>\n\t\t\t\t<\/div>\n\t\t\t\t<\/div>\n\t\t<div class=\"elementor-element elementor-element-0d14b23 e-con-full e-flex e-con e-child\" data-id=\"0d14b23\" data-element_type=\"container\" data-e-type=\"container\">\n\t\t<div class=\"elementor-element elementor-element-7b3b6a8 e-con-full e-flex e-con e-child\" data-id=\"7b3b6a8\" data-element_type=\"container\" data-e-type=\"container\">\n\t\t\t\t<div class=\"elementor-element elementor-element-d9bf9d7 elementor-widget elementor-widget-ronse_slider_dikey\" data-id=\"d9bf9d7\" data-element_type=\"widget\" data-e-type=\"widget\" data-widget_type=\"ronse_slider_dikey.default\">\n\t\t\t\t<div class=\"elementor-widget-container\">\n\t\t\t\t\t        <div class=\"swiper dikey-numarali tam-genislik sol\">\n            <div class=\"swiper-wrapper\">\n                                    <div class=\"swiper-slide ronse-slider-url\">\n                        <a href=\"https:\/\/mardinhaberyolu.com\/?p=113198\">\n                            <img decoding=\"async\" class=\"slider-gorseli\" src=\"https:\/\/mardinhaberyolu.com\/wp-content\/uploads\/2026\/04\/b2.jpg\" alt=\"Bah\u00e7elievler \u0130lkokulundan &#8220;Haydi Anne Sen De Oku&#8221; Kitap Okuma Yar\u0131\u015fmas\u0131\">\n                                                                                    <div class=\"haber-detay\">\n                                                                <h3 title=\"Bah\u00e7elievler \u0130lkokulundan &#8220;Haydi Anne Sen De Oku&#8221; Kitap Okuma Yar\u0131\u015fmas\u0131\" class=\"haber-baslik\">Bah\u00e7elievler \u0130lkokulundan &#8220;Haydi Anne Sen De Oku&#8221; Kitap Okuma Yar\u0131\u015fmas\u0131<\/h3>\n                            <\/div>\n                        <\/a>\n                    <\/div>\n                                    <div class=\"swiper-slide ronse-slider-url\">\n                        <a href=\"https:\/\/mardinhaberyolu.com\/?p=113153\">\n                            <img decoding=\"async\" class=\"slider-gorseli\" src=\"https:\/\/mardinhaberyolu.com\/wp-content\/uploads\/2026\/04\/IMG-20260417-WA0028.jpg\" alt=\"K\u0131z\u0131ltepe E\u011fitim Birsen&#8217;den &#8220;Okullara Sald\u0131r\u0131lar&#8221; da Hayatlar\u0131n\u0131 Kaybeden \u00d6\u011frenciler \u0130\u00e7in Giyabi Cenaze Namaz\u0131\">\n                                                                                    <div class=\"haber-detay\">\n                                                                <h3 title=\"K\u0131z\u0131ltepe E\u011fitim Birsen&#8217;den &#8220;Okullara Sald\u0131r\u0131lar&#8221; da Hayatlar\u0131n\u0131 Kaybeden \u00d6\u011frenciler \u0130\u00e7in Giyabi Cenaze Namaz\u0131\" class=\"haber-baslik\">K\u0131z\u0131ltepe E\u011fitim Birsen&#8217;den &#8220;Okullara Sald\u0131r\u0131lar&#8221; da Hayatlar\u0131n\u0131 Kaybeden \u00d6\u011frenciler \u0130\u00e7in Giyabi Cenaze Namaz\u0131<\/h3>\n                            <\/div>\n                        <\/a>\n                    <\/div>\n                                    <div class=\"swiper-slide ronse-slider-url\">\n                        <a href=\"https:\/\/mardinhaberyolu.com\/?p=113142\">\n                            <img decoding=\"async\" class=\"slider-gorseli\" src=\"https:\/\/mardinhaberyolu.com\/wp-content\/uploads\/2026\/04\/Screenshot_2026-04-16-07-06-49-86_a23b203fd3aafc6dcb84e438dda678b6.jpg\" alt=\"KAHRAMAN A\u0130LES\u0130N\u0130N ACI G\u00dcN\u00dc\">\n                                                                                    <div class=\"haber-detay\">\n                                                                <h3 title=\"KAHRAMAN A\u0130LES\u0130N\u0130N ACI G\u00dcN\u00dc\" class=\"haber-baslik\">KAHRAMAN A\u0130LES\u0130N\u0130N ACI G\u00dcN\u00dc<\/h3>\n                            <\/div>\n                        <\/a>\n                    <\/div>\n                                    <div class=\"swiper-slide ronse-slider-url\">\n                        <a href=\"https:\/\/mardinhaberyolu.com\/?p=113134\">\n                            <img decoding=\"async\" class=\"slider-gorseli\" src=\"https:\/\/mardinhaberyolu.com\/wp-content\/uploads\/2026\/04\/IMG_20260416_113202.jpg\" alt=\"Dunays\u0131r K\u00fclt\u00fcr Ve Ara\u015ft\u0131rma Derne\u011fi Ba\u015fkan\u0131 Ayd\u0131n\u2019dan &#8220;Okul Sald\u0131r\u0131s\u0131&#8221; Ba\u015fsa\u011fl\u0131\u011f\u0131 Mesaj\u0131\">\n                                                                                    <div class=\"haber-detay\">\n                                                                <h3 title=\"Dunays\u0131r K\u00fclt\u00fcr Ve Ara\u015ft\u0131rma Derne\u011fi Ba\u015fkan\u0131 Ayd\u0131n\u2019dan &#8220;Okul Sald\u0131r\u0131s\u0131&#8221; Ba\u015fsa\u011fl\u0131\u011f\u0131 Mesaj\u0131\" class=\"haber-baslik\">Dunays\u0131r K\u00fclt\u00fcr Ve Ara\u015ft\u0131rma Derne\u011fi Ba\u015fkan\u0131 Ayd\u0131n\u2019dan &#8220;Okul Sald\u0131r\u0131s\u0131&#8221; Ba\u015fsa\u011fl\u0131\u011f\u0131 Mesaj\u0131<\/h3>\n                            <\/div>\n                        <\/a>\n                    <\/div>\n                                    <div class=\"swiper-slide ronse-slider-url\">\n                        <a href=\"https:\/\/mardinhaberyolu.com\/?p=113102\">\n                            <img decoding=\"async\" class=\"slider-gorseli\" src=\"https:\/\/mardinhaberyolu.com\/wp-content\/uploads\/2026\/04\/IMG_20260412_091658.jpg\" alt=\"\u00d6TER A\u0130LES\u0130N\u0130N ACI G\u00dcN\u00dc\">\n                                                                                    <div class=\"haber-detay\">\n                                                                <h3 title=\"\u00d6TER A\u0130LES\u0130N\u0130N ACI G\u00dcN\u00dc\" class=\"haber-baslik\">\u00d6TER A\u0130LES\u0130N\u0130N ACI G\u00dcN\u00dc<\/h3>\n                            <\/div>\n                        <\/a>\n                    <\/div>\n                                    <div class=\"swiper-slide ronse-slider-url\">\n                        <a href=\"https:\/\/mardinhaberyolu.com\/?p=113065\">\n                            <img decoding=\"async\" class=\"slider-gorseli\" src=\"https:\/\/mardinhaberyolu.com\/wp-content\/uploads\/2026\/04\/IMG_20260409_083256.jpg\" alt=\"ALP A\u0130LES\u0130N\u0130N MUTLU G\u00dcN\u00dc\u2026GEN\u00c7 AVUKAT \u00d6ZG\u00dcR ALP D\u00dcNYA EV\u0130NE G\u0130RD\u0130\">\n                                                                                    <div class=\"haber-detay\">\n                                                                <h3 title=\"ALP A\u0130LES\u0130N\u0130N MUTLU G\u00dcN\u00dc\u2026GEN\u00c7 AVUKAT \u00d6ZG\u00dcR ALP D\u00dcNYA EV\u0130NE G\u0130RD\u0130\" class=\"haber-baslik\">ALP A\u0130LES\u0130N\u0130N MUTLU G\u00dcN\u00dc\u2026GEN\u00c7 AVUKAT \u00d6ZG\u00dcR ALP D\u00dcNYA EV\u0130NE G\u0130RD\u0130<\/h3>\n                            <\/div>\n                        <\/a>\n                    <\/div>\n                                    <div class=\"swiper-slide ronse-slider-url\">\n                        <a href=\"https:\/\/mardinhaberyolu.com\/?p=113033\">\n                            <img decoding=\"async\" class=\"slider-gorseli\" src=\"https:\/\/mardinhaberyolu.com\/wp-content\/uploads\/2026\/04\/s1.jpg\" alt=\"Hububat\u00e7\u0131lar Derne\u011fi Ba\u015fkan\u0131 \u00d6ter&#8217;den H\u00fck\u00fcmete \u00c7a\u011fr\u0131: Mazot ve G\u00fcbrede Vergiler Kald\u0131r\u0131ls\u0131n\">\n                                                                                    <div class=\"haber-detay\">\n                                                                <h3 title=\"Hububat\u00e7\u0131lar Derne\u011fi Ba\u015fkan\u0131 \u00d6ter&#8217;den H\u00fck\u00fcmete \u00c7a\u011fr\u0131: Mazot ve G\u00fcbrede Vergiler Kald\u0131r\u0131ls\u0131n\" class=\"haber-baslik\">Hububat\u00e7\u0131lar Derne\u011fi Ba\u015fkan\u0131 \u00d6ter&#8217;den H\u00fck\u00fcmete \u00c7a\u011fr\u0131: Mazot ve G\u00fcbrede Vergiler Kald\u0131r\u0131ls\u0131n<\/h3>\n                            <\/div>\n                        <\/a>\n                    <\/div>\n                                    <div class=\"swiper-slide ronse-slider-url\">\n                        <a href=\"https:\/\/mardinhaberyolu.com\/?p=113015\">\n                            <img decoding=\"async\" class=\"slider-gorseli\" src=\"https:\/\/mardinhaberyolu.com\/wp-content\/uploads\/2026\/04\/Screenshot_2026-04-03-16-00-35-91_439a3fec0400f8974d35eed09a31f914.jpg\" alt=\"Cemile \u00d6zkan Hala Bulunamad\u0131&#8230;Onun \u0130\u00e7in Kritik \u00c7a\u011fr\u0131 Var\">\n                                                                                    <div class=\"haber-detay\">\n                                                                <h3 title=\"Cemile \u00d6zkan Hala Bulunamad\u0131&#8230;Onun \u0130\u00e7in Kritik \u00c7a\u011fr\u0131 Var\" class=\"haber-baslik\">Cemile \u00d6zkan Hala Bulunamad\u0131&#8230;Onun \u0130\u00e7in Kritik \u00c7a\u011fr\u0131 Var<\/h3>\n                            <\/div>\n                        <\/a>\n                    <\/div>\n                                    <div class=\"swiper-slide ronse-slider-url\">\n                        <a href=\"https:\/\/mardinhaberyolu.com\/?p=112943\">\n                            <img decoding=\"async\" class=\"slider-gorseli\" src=\"https:\/\/mardinhaberyolu.com\/wp-content\/uploads\/2026\/03\/IMG_20260329_151201.jpg\" alt=\"A\u015fiti A\u015firetinin Ac\u0131 G\u00fcn\u00fc&#8230; Hac\u0131 Cemil Memi\u015f Vefat Etti\">\n                                                                                    <div class=\"haber-detay\">\n                                                                <h3 title=\"A\u015fiti A\u015firetinin Ac\u0131 G\u00fcn\u00fc&#8230; Hac\u0131 Cemil Memi\u015f Vefat Etti\" class=\"haber-baslik\">A\u015fiti A\u015firetinin Ac\u0131 G\u00fcn\u00fc&#8230; Hac\u0131 Cemil Memi\u015f Vefat Etti<\/h3>\n                            <\/div>\n                        <\/a>\n                    <\/div>\n                                    <div class=\"swiper-slide ronse-slider-url\">\n                        <a href=\"https:\/\/mardinhaberyolu.com\/?p=112934\">\n                            <img decoding=\"async\" class=\"slider-gorseli\" src=\"https:\/\/mardinhaberyolu.com\/wp-content\/uploads\/2026\/03\/s1-2.jpg\" alt=\"SEDAT EGE KIZILTEPEPE T\u0130CARET VE SANAY\u0130 ODASI BA\u015eKAN ADAYI\">\n                                                                                    <div class=\"haber-detay\">\n                                                                <h3 title=\"SEDAT EGE KIZILTEPEPE T\u0130CARET VE SANAY\u0130 ODASI BA\u015eKAN ADAYI\" class=\"haber-baslik\">SEDAT EGE KIZILTEPEPE T\u0130CARET VE SANAY\u0130 ODASI BA\u015eKAN ADAYI<\/h3>\n                            <\/div>\n                        <\/a>\n                    <\/div>\n                            <\/div>\n            <div class=\"swiper-pagination\"><\/div>\n        <\/div>\n        \t\t\t\t<\/div>\n\t\t\t\t<\/div>\n\t\t\t\t<\/div>\n\t\t<div class=\"elementor-element elementor-element-6284542 e-con-full e-flex e-con e-child\" data-id=\"6284542\" data-element_type=\"container\" data-e-type=\"container\">\n\t\t\t\t<div class=\"elementor-element elementor-element-d76e9a4 elementor-widget elementor-widget-ronse_slider_dikey\" data-id=\"d76e9a4\" data-element_type=\"widget\" data-e-type=\"widget\" data-widget_type=\"ronse_slider_dikey.default\">\n\t\t\t\t<div class=\"elementor-widget-container\">\n\t\t\t\t\t        <div class=\"swiper dikey-numarali tam-genislik sol\">\n            <div class=\"swiper-wrapper\">\n                                    <div class=\"swiper-slide ronse-slider-url\">\n                        <a href=\"https:\/\/mardinhaberyolu.com\/?p=113318\">\n                            <img decoding=\"async\" class=\"slider-gorseli\" src=\"https:\/\/mardinhaberyolu.com\/wp-content\/uploads\/2026\/04\/IMG-20260429-WA0048.jpg\" alt=\"Milletvekili K\u0131l\u0131\u00e7&#8217;tan Sa\u011fl\u0131k Bakan\u0131 Kemal Memi\u015fo\u011flu&#8217;na Ziyaret\">\n                                                                                    <div class=\"haber-detay\">\n                                                                <h3 title=\"Milletvekili K\u0131l\u0131\u00e7&#8217;tan Sa\u011fl\u0131k Bakan\u0131 Kemal Memi\u015fo\u011flu&#8217;na Ziyaret\" class=\"haber-baslik\">Milletvekili K\u0131l\u0131\u00e7&#8217;tan Sa\u011fl\u0131k Bakan\u0131 Kemal Memi\u015fo\u011flu&#8217;na Ziyaret<\/h3>\n                            <\/div>\n                        <\/a>\n                    <\/div>\n                                    <div class=\"swiper-slide ronse-slider-url\">\n                        <a href=\"https:\/\/mardinhaberyolu.com\/?p=113313\">\n                            <img decoding=\"async\" class=\"slider-gorseli\" src=\"https:\/\/mardinhaberyolu.com\/wp-content\/uploads\/2026\/04\/MC.jpg\" alt=\"MARSU&#8221;dan Yeni Su \u015eebekesi\">\n                                                                                    <div class=\"haber-detay\">\n                                                                <h3 title=\"MARSU&#8221;dan Yeni Su \u015eebekesi\" class=\"haber-baslik\">MARSU&#8221;dan Yeni Su \u015eebekesi<\/h3>\n                            <\/div>\n                        <\/a>\n                    <\/div>\n                                    <div class=\"swiper-slide ronse-slider-url\">\n                        <a href=\"https:\/\/mardinhaberyolu.com\/?p=113310\">\n                            <img decoding=\"async\" class=\"slider-gorseli\" src=\"https:\/\/mardinhaberyolu.com\/wp-content\/uploads\/2026\/04\/tesbih4-scaled.png\" alt=\"Mardin\u2019de Tespih Sanat\u0131 Fuar\u0131 Kap\u0131lar\u0131n\u0131 A\u00e7\u0131yor\">\n                                                                                    <div class=\"haber-detay\">\n                                                                <h3 title=\"Mardin\u2019de Tespih Sanat\u0131 Fuar\u0131 Kap\u0131lar\u0131n\u0131 A\u00e7\u0131yor\" class=\"haber-baslik\">Mardin\u2019de Tespih Sanat\u0131 Fuar\u0131 Kap\u0131lar\u0131n\u0131 A\u00e7\u0131yor<\/h3>\n                            <\/div>\n                        <\/a>\n                    <\/div>\n                                    <div class=\"swiper-slide ronse-slider-url\">\n                        <a href=\"https:\/\/mardinhaberyolu.com\/?p=113306\">\n                            <img decoding=\"async\" class=\"slider-gorseli\" src=\"https:\/\/mardinhaberyolu.com\/wp-content\/uploads\/2026\/04\/dogan-bekinden-secim-basarisi-aciklamasi-003958-20240404.jpg\" alt=\"YRP&#8217;den Kahramanmara\u015f&#8217;taki Mardinspor Taraftarlar\u0131na &#8216;Play Off Yasa\u011f\u0131&#8217;na Tepki\">\n                                                                                    <div class=\"haber-detay\">\n                                                                <h3 title=\"YRP&#8217;den Kahramanmara\u015f&#8217;taki Mardinspor Taraftarlar\u0131na &#8216;Play Off Yasa\u011f\u0131&#8217;na Tepki\" class=\"haber-baslik\">YRP&#8217;den Kahramanmara\u015f&#8217;taki Mardinspor Taraftarlar\u0131na &#8216;Play Off Yasa\u011f\u0131&#8217;na Tepki<\/h3>\n                            <\/div>\n                        <\/a>\n                    <\/div>\n                                    <div class=\"swiper-slide ronse-slider-url\">\n                        <a href=\"https:\/\/mardinhaberyolu.com\/?p=113303\">\n                            <img decoding=\"async\" class=\"slider-gorseli\" src=\"https:\/\/mardinhaberyolu.com\/wp-content\/uploads\/2026\/04\/em1.jpg\" alt=\"Derik&#8217;te Karahan Kona\u011f\u0131 restorasyonuna ba\u015fland\u0131\">\n                                                                                    <div class=\"haber-detay\">\n                                                                <h3 title=\"Derik&#8217;te Karahan Kona\u011f\u0131 restorasyonuna ba\u015fland\u0131\" class=\"haber-baslik\">Derik&#8217;te Karahan Kona\u011f\u0131 restorasyonuna ba\u015fland\u0131<\/h3>\n                            <\/div>\n                        <\/a>\n                    <\/div>\n                                    <div class=\"swiper-slide ronse-slider-url\">\n                        <a href=\"https:\/\/mardinhaberyolu.com\/?p=113290\">\n                            <img decoding=\"async\" class=\"slider-gorseli\" src=\"https:\/\/mardinhaberyolu.com\/wp-content\/uploads\/2026\/04\/IMG-20260428-WA0125-scaled.jpg\" alt=\"13 Mart Mahallesi\u2019nde Elektrik Altyap\u0131 \u00c7al\u0131\u015fmalar\u0131 Ba\u015flad\u0131\">\n                                                                                    <div class=\"haber-detay\">\n                                                                <h3 title=\"13 Mart Mahallesi\u2019nde Elektrik Altyap\u0131 \u00c7al\u0131\u015fmalar\u0131 Ba\u015flad\u0131\" class=\"haber-baslik\">13 Mart Mahallesi\u2019nde Elektrik Altyap\u0131 \u00c7al\u0131\u015fmalar\u0131 Ba\u015flad\u0131<\/h3>\n                            <\/div>\n                        <\/a>\n                    <\/div>\n                                    <div class=\"swiper-slide ronse-slider-url\">\n                        <a href=\"https:\/\/mardinhaberyolu.com\/?p=113285\">\n                            <img decoding=\"async\" class=\"slider-gorseli\" src=\"https:\/\/mardinhaberyolu.com\/wp-content\/uploads\/2026\/04\/MS1-1.jpg\" alt=\"Mardin 1969 Spor\u2019un Play-Off \u00f6ncesi \u0130statistikleri\u00a0\">\n                                                                                    <div class=\"haber-detay\">\n                                                                <h3 title=\"Mardin 1969 Spor\u2019un Play-Off \u00f6ncesi \u0130statistikleri\u00a0\" class=\"haber-baslik\">Mardin 1969 Spor\u2019un Play-Off \u00f6ncesi \u0130statistikleri\u00a0<\/h3>\n                            <\/div>\n                        <\/a>\n                    <\/div>\n                                    <div class=\"swiper-slide ronse-slider-url\">\n                        <a href=\"https:\/\/mardinhaberyolu.com\/?p=113281\">\n                            <img decoding=\"async\" class=\"slider-gorseli\" src=\"https:\/\/mardinhaberyolu.com\/wp-content\/uploads\/2026\/04\/AR.jpg\" alt=\"Artuklu Belediyesi Sara\u00e7o\u011flu Mahallesi\u2019nde Yol Yenileme \u00c7al\u0131\u015fmalar\u0131n\u0131 S\u00fcrd\u00fcr\u00fcyor\">\n                                                                                    <div class=\"haber-detay\">\n                                                                <h3 title=\"Artuklu Belediyesi Sara\u00e7o\u011flu Mahallesi\u2019nde Yol Yenileme \u00c7al\u0131\u015fmalar\u0131n\u0131 S\u00fcrd\u00fcr\u00fcyor\" class=\"haber-baslik\">Artuklu Belediyesi Sara\u00e7o\u011flu Mahallesi\u2019nde Yol Yenileme \u00c7al\u0131\u015fmalar\u0131n\u0131 S\u00fcrd\u00fcr\u00fcyor<\/h3>\n                            <\/div>\n                        <\/a>\n                    <\/div>\n                                    <div class=\"swiper-slide ronse-slider-url\">\n                        <a href=\"https:\/\/mardinhaberyolu.com\/?p=113276\">\n                            <img decoding=\"async\" class=\"slider-gorseli\" src=\"https:\/\/mardinhaberyolu.com\/wp-content\/uploads\/2026\/04\/L1.jpg\" alt=\"B\u00fcy\u00fck\u015fehir Belediyesi, 100 Ton At\u0131k Lasti\u011fi Geri D\u00f6n\u00fc\u015f\u00fcme Kazand\u0131rd\u0131\">\n                                                                                    <div class=\"haber-detay\">\n                                                                <h3 title=\"B\u00fcy\u00fck\u015fehir Belediyesi, 100 Ton At\u0131k Lasti\u011fi Geri D\u00f6n\u00fc\u015f\u00fcme Kazand\u0131rd\u0131\" class=\"haber-baslik\">B\u00fcy\u00fck\u015fehir Belediyesi, 100 Ton At\u0131k Lasti\u011fi Geri D\u00f6n\u00fc\u015f\u00fcme Kazand\u0131rd\u0131<\/h3>\n                            <\/div>\n                        <\/a>\n                    <\/div>\n                                    <div class=\"swiper-slide ronse-slider-url\">\n                        <a href=\"https:\/\/mardinhaberyolu.com\/?p=113272\">\n                            <img decoding=\"async\" class=\"slider-gorseli\" src=\"https:\/\/mardinhaberyolu.com\/wp-content\/uploads\/2026\/04\/d1-2.jpg\" alt=\"Derik\u2019te yol temizlik arac\u0131yla \u00e7arp\u0131\u015fan otomobilin s\u00fcr\u00fcc\u00fcs\u00fc 17 ay sonra vefat etti.\">\n                                                                                    <div class=\"haber-detay\">\n                                                                <h3 title=\"Derik\u2019te yol temizlik arac\u0131yla \u00e7arp\u0131\u015fan otomobilin s\u00fcr\u00fcc\u00fcs\u00fc 17 ay sonra vefat etti.\" class=\"haber-baslik\">Derik\u2019te yol temizlik arac\u0131yla \u00e7arp\u0131\u015fan otomobilin s\u00fcr\u00fcc\u00fcs\u00fc 17 ay sonra vefat etti.<\/h3>\n                            <\/div>\n                        <\/a>\n                    <\/div>\n                            <\/div>\n            <div class=\"swiper-pagination\"><\/div>\n        <\/div>\n        \t\t\t\t<\/div>\n\t\t\t\t<\/div>\n\t\t\t\t<\/div>\n\t\t\t\t<\/div>\n\t\t\t\t\t<\/div>\n\t\t\t\t<\/div>\n\t\t<div class=\"elementor-element elementor-element-baa3db1 e-flex e-con-boxed e-con e-parent\" data-id=\"baa3db1\" data-element_type=\"container\" data-e-type=\"container\">\n\t\t\t\t\t<div class=\"e-con-inner\">\n\t\t\t\t<div class=\"elementor-element elementor-element-afc593c elementor-widget elementor-widget-yazarListesi\" data-id=\"afc593c\" data-element_type=\"widget\" data-e-type=\"widget\" data-widget_type=\"yazarListesi.default\">\n\t\t\t\t<div class=\"elementor-widget-container\">\n\t\t\t\t\t                <div class=\"slider-yazar\">\n            <div class=\"ronse-baslik-kapsayici-icerik-alani mb-4 px-3 pt-3\">\n                <div class=\"ronse-baslik-kapsayicisi ronse-genel-baslik\">\n                    <h6 class=\"title text-uppercase\">Yazarlar<\/h6>\n                    <div class=\"ronse-baslik-cizgileri\"><\/div>\n                <\/div>\n                <div class=\"ronse-tum-icerik-butonu ronse-tum-icerik-butonu-iki\">\n                    <a href=\"\" class=\"link-btn\">T\u00fcm Yazarlar<span class=\"svg-icon\">\n                    <\/a>\n                <\/div>\n            <\/div>\n            <div class=\"swiper yazarlar p-4 rounded rounded-3\">\n                <div class=\"swiper-wrapper\">\n                                                                        <div class=\"swiper-slide\">\n                                <div class=\"yazar tasarim2 text-center\">\n                                    <div class=\"yazar-fotografi\">\n                                        <a href=\"https:\/\/mardinhaberyolu.com\/?p=113270\">\n                                            <img decoding=\"async\" class=\"yazar-gorseli\"\n                                                 src=\"https:\/\/mardinhaberyolu.com\/wp-content\/uploads\/2024\/03\/ercanakar.jpg\"\n                                                 alt=\"post\" width=\"100\" height=\"100\">\n                                        <\/a>\n                                    <\/div>\n                                    <div class=\"yazar-icerik-bilgileri\">\n                                    <span><a class=\"yazar-adi\"\n                                             href=\"https:\/\/mardinhaberyolu.com\/?author=3\">Ercan Akkar<\/a><\/span>\n                                        <a class=\"yazi-basligi\" href=\"https:\/\/mardinhaberyolu.com\/?p=113270\">HERKES B\u0130L\u0130YOR, K\u0130MSE KONU\u015eMUYOR:  VAN\u2019DA DER\u0130N SESS\u0130ZL\u0130K\u2026<\/a>\n                                    <\/div>\n                                <\/div>\n                            <\/div>\n                                                                                                <div class=\"swiper-slide\">\n                                <div class=\"yazar tasarim2 text-center\">\n                                    <div class=\"yazar-fotografi\">\n                                        <a href=\"https:\/\/mardinhaberyolu.com\/?p=113150\">\n                                            <img decoding=\"async\" class=\"yazar-gorseli\"\n                                                 src=\"https:\/\/mardinhaberyolu.com\/wp-content\/uploads\/2024\/03\/mardinhaberyolu.jpg\"\n                                                 alt=\"post\" width=\"100\" height=\"100\">\n                                        <\/a>\n                                    <\/div>\n                                    <div class=\"yazar-icerik-bilgileri\">\n                                    <span><a class=\"yazar-adi\"\n                                             href=\"https:\/\/mardinhaberyolu.com\/?author=12\">Psikolog Merve Yal\u00e7\u0131n<\/a><\/span>\n                                        <a class=\"yazi-basligi\" href=\"https:\/\/mardinhaberyolu.com\/?p=113150\">En G\u00fcvenli Yer Neresiydi?<\/a>\n                                    <\/div>\n                                <\/div>\n                            <\/div>\n                                                                                                <div class=\"swiper-slide\">\n                                <div class=\"yazar tasarim2 text-center\">\n                                    <div class=\"yazar-fotografi\">\n                                        <a href=\"https:\/\/mardinhaberyolu.com\/?p=111334\">\n                                            <img decoding=\"async\" class=\"yazar-gorseli\"\n                                                 src=\"https:\/\/mardinhaberyolu.com\/wp-content\/uploads\/2025\/01\/WhatsApp-Image-2024-12-16-at-22.36.30.jpeg\"\n                                                 alt=\"post\" width=\"100\" height=\"100\">\n                                        <\/a>\n                                    <\/div>\n                                    <div class=\"yazar-icerik-bilgileri\">\n                                    <span><a class=\"yazar-adi\"\n                                             href=\"https:\/\/mardinhaberyolu.com\/?author=1\">Haber Merkezi<\/a><\/span>\n                                        <a class=\"yazi-basligi\" href=\"https:\/\/mardinhaberyolu.com\/?p=111334\">Milletvekili Faruk K\u0131l\u0131\u00e7&#8217;\u0131n 24 Kas\u0131m \u00d6\u011fretmenler G\u00fcn\u00fc Mesaj\u0131<\/a>\n                                    <\/div>\n                                <\/div>\n                            <\/div>\n                                                                                                <div class=\"swiper-slide\">\n                                <div class=\"yazar tasarim2 text-center\">\n                                    <div class=\"yazar-fotografi\">\n                                        <a href=\"https:\/\/mardinhaberyolu.com\/?p=109670\">\n                                            <img decoding=\"async\" class=\"yazar-gorseli\"\n                                                 src=\"https:\/\/mardinhaberyolu.com\/wp-content\/uploads\/2024\/03\/mardinhaberyolu.jpg\"\n                                                 alt=\"post\" width=\"100\" height=\"100\">\n                                        <\/a>\n                                    <\/div>\n                                    <div class=\"yazar-icerik-bilgileri\">\n                                    <span><a class=\"yazar-adi\"\n                                             href=\"https:\/\/mardinhaberyolu.com\/?author=4\">Fara\u00e7 \u00c7OBANO\u011eLU<\/a><\/span>\n                                        <a class=\"yazi-basligi\" href=\"https:\/\/mardinhaberyolu.com\/?p=109670\">Ter\u00f6rs\u00fcz T\u00fcrkiye&#8217;de K\u00fcrtlerin Yeri&#8230;?<\/a>\n                                    <\/div>\n                                <\/div>\n                            <\/div>\n                                                                                                <div class=\"swiper-slide\">\n                                <div class=\"yazar tasarim2 text-center\">\n                                    <div class=\"yazar-fotografi\">\n                                        <a href=\"https:\/\/mardinhaberyolu.com\/?p=105814\">\n                                            <img decoding=\"async\" class=\"yazar-gorseli\"\n                                                 src=\"https:\/\/mardinhaberyolu.com\/wp-content\/uploads\/2024\/03\/mardinhaberyolu.jpg\"\n                                                 alt=\"post\" width=\"100\" height=\"100\">\n                                        <\/a>\n                                    <\/div>\n                                    <div class=\"yazar-icerik-bilgileri\">\n                                    <span><a class=\"yazar-adi\"\n                                             href=\"https:\/\/mardinhaberyolu.com\/?author=10\">Selman HAM\u0130D\u0130<\/a><\/span>\n                                        <a class=\"yazi-basligi\" href=\"https:\/\/mardinhaberyolu.com\/?p=105814\">NAMAZ VE SPOR<\/a>\n                                    <\/div>\n                                <\/div>\n                            <\/div>\n                                                            <\/div>\n                <div class=\"swiper-button-next\"><\/div>\n                <div class=\"swiper-button-prev\"><\/div>\n            <\/div>\n        <\/div>\n            \t\t\t\t<\/div>\n\t\t\t\t<\/div>\n\t\t\t\t\t<\/div>\n\t\t\t\t<\/div>\n\t\t<div class=\"elementor-element elementor-element-c027fd6 e-flex e-con-boxed e-con e-parent\" data-id=\"c027fd6\" data-element_type=\"container\" data-e-type=\"container\">\n\t\t\t\t\t<div class=\"e-con-inner\">\n\t\t\t\t<div class=\"elementor-element elementor-element-3d9eb55 elementor-widget elementor-widget-ronse_grid_haber_1\" data-id=\"3d9eb55\" data-element_type=\"widget\" data-e-type=\"widget\" data-widget_type=\"ronse_grid_haber_1.default\">\n\t\t\t\t<div class=\"elementor-widget-container\">\n\t\t\t\t\t                <div class=\"ronse-baslik-kapsayici-icerik-alani mb-4\">\n            <div class=\"ronse-baslik-kapsayicisi ronse-genel-baslik\">\n                <h6 style=\"background-color: \"\n                    class=\"title text-uppercase\">Politika Haberleri<\/h6>\n                <div class=\"ronse-baslik-cizgileri\"><\/div>\n            <\/div>\n            <div class=\"ronse-tum-icerik-butonu ronse-tum-icerik-butonu-iki\">\n                <a style=\"background-color: \"\n                   href=\"https:\/\/mardinhaberyolu.com\/?cat=8\"\n                   class=\"link-btn\">T\u00fcm Haberler<\/a>\n            <\/div>\n        <\/div>\n            <div class=\"grid-haberler kart-haberler grid-tasarim2\">\n                            <div class=\"haber\">\n                    <a title=\"Faruk K\u0131l\u0131\u00e7&#8217;tan Netenyahu&#8217;ya &#8220;Cumhurba\u015fkan\u0131&#8221; Tepkisi\" target=\"_blank\" href=\"https:\/\/mardinhaberyolu.com\/?p=113116\">\n                    <article\n                            style=\"border-bottom: 5px solid \"\n                            title=\"Faruk K\u0131l\u0131\u00e7&#8217;tan Netenyahu&#8217;ya &#8220;Cumhurba\u015fkan\u0131&#8221; Tepkisi\" class=\"haber-alani\">\n\n                            <img decoding=\"async\" class=\"buyuk-alan-gorseli\" src=\"https:\/\/mardinhaberyolu.com\/wp-content\/uploads\/2026\/04\/IMG-20260413-WA0036.jpg\"\n                                 alt=\"Faruk K\u0131l\u0131\u00e7&#8217;tan Netenyahu&#8217;ya &#8220;Cumhurba\u015fkan\u0131&#8221; Tepkisi\">\n                            <span class=\"icerik-baslik\">Faruk K\u0131l\u0131\u00e7&#8217;tan Netenyahu&#8217;ya &#8220;Cumhurba\u015fkan\u0131&#8221; Tepkisi<\/span>\n                    <\/article>\n                    <\/a>\n                <\/div>\n                            <div class=\"haber\">\n                    <a title=\"AK Parti Nusaybin Heyetinden Kaymakam Evren \u00c7ak\u0131r&#8217;a Ziyaret\" target=\"_blank\" href=\"https:\/\/mardinhaberyolu.com\/?p=113039\">\n                    <article\n                            style=\"border-bottom: 5px solid \"\n                            title=\"AK Parti Nusaybin Heyetinden Kaymakam Evren \u00c7ak\u0131r&#8217;a Ziyaret\" class=\"haber-alani\">\n\n                            <img decoding=\"async\" class=\"buyuk-alan-gorseli\" src=\"https:\/\/mardinhaberyolu.com\/wp-content\/uploads\/2026\/04\/e1.jpg\"\n                                 alt=\"AK Parti Nusaybin Heyetinden Kaymakam Evren \u00c7ak\u0131r&#8217;a Ziyaret\">\n                            <span class=\"icerik-baslik\">AK Parti Nusaybin Heyetinden Kaymakam Evren \u00c7ak\u0131r&#8217;a Ziyaret<\/span>\n                    <\/article>\n                    <\/a>\n                <\/div>\n                            <div class=\"haber\">\n                    <a title=\"\" target=\"_blank\" href=\"https:\/\/mardinhaberyolu.com\/?p=112913\">\n                    <article\n                            style=\"border-bottom: 5px solid \"\n                            title=\"\" class=\"haber-alani\">\n\n                            <img decoding=\"async\" class=\"buyuk-alan-gorseli\" src=\"https:\/\/mardinhaberyolu.com\/wp-content\/uploads\/2026\/03\/sa-1.jpg\"\n                                 alt=\"\">\n                            <span class=\"icerik-baslik\"><\/span>\n                    <\/article>\n                    <\/a>\n                <\/div>\n                            <div class=\"haber\">\n                    <a title=\"Milletvekili K\u0131l\u0131\u00e7 Tekstilcilerle Bir Araya Geldi\" target=\"_blank\" href=\"https:\/\/mardinhaberyolu.com\/?p=112830\">\n                    <article\n                            style=\"border-bottom: 5px solid \"\n                            title=\"Milletvekili K\u0131l\u0131\u00e7 Tekstilcilerle Bir Araya Geldi\" class=\"haber-alani\">\n\n                            <img decoding=\"async\" class=\"buyuk-alan-gorseli\" src=\"https:\/\/mardinhaberyolu.com\/wp-content\/uploads\/2026\/03\/IMG-20260317-WA0036.jpg\"\n                                 alt=\"Milletvekili K\u0131l\u0131\u00e7 Tekstilcilerle Bir Araya Geldi\">\n                            <span class=\"icerik-baslik\">Milletvekili K\u0131l\u0131\u00e7 Tekstilcilerle Bir Araya Geldi<\/span>\n                    <\/article>\n                    <\/a>\n                <\/div>\n                            <div class=\"haber\">\n                    <a title=\"Bah\u00e7eli&#8217;nin K\u00fcrtlerle ilgili s\u00f6zleri parti grubunda ayakta alk\u0131\u015fland\u0131\" target=\"_blank\" href=\"https:\/\/mardinhaberyolu.com\/?p=112698\">\n                    <article\n                            style=\"border-bottom: 5px solid \"\n                            title=\"Bah\u00e7eli&#8217;nin K\u00fcrtlerle ilgili s\u00f6zleri parti grubunda ayakta alk\u0131\u015fland\u0131\" class=\"haber-alani\">\n\n                            <img decoding=\"async\" class=\"buyuk-alan-gorseli\" src=\"https:\/\/mardinhaberyolu.com\/wp-content\/uploads\/2026\/03\/Screenshot_2026-03-10-11-26-11-08_40deb401b9ffe8e1df2f1cc5ba480b12.jpg\"\n                                 alt=\"Bah\u00e7eli&#8217;nin K\u00fcrtlerle ilgili s\u00f6zleri parti grubunda ayakta alk\u0131\u015fland\u0131\">\n                            <span class=\"icerik-baslik\">Bah\u00e7eli&#8217;nin K\u00fcrtlerle ilgili s\u00f6zleri parti grubunda ayakta alk\u0131\u015fland\u0131<\/span>\n                    <\/article>\n                    <\/a>\n                <\/div>\n                            <div class=\"haber\">\n                    <a title=\"BAKAN I\u015eIKHANDAN MARD\u0130N\u2019E B\u00dcY\u00dcK PROJE\" target=\"_blank\" href=\"https:\/\/mardinhaberyolu.com\/?p=112652\">\n                    <article\n                            style=\"border-bottom: 5px solid \"\n                            title=\"BAKAN I\u015eIKHANDAN MARD\u0130N\u2019E B\u00dcY\u00dcK PROJE\" class=\"haber-alani\">\n\n                            <img decoding=\"async\" class=\"buyuk-alan-gorseli\" src=\"https:\/\/mardinhaberyolu.com\/wp-content\/uploads\/2026\/03\/IMG_20260307_192213-scaled.jpg\"\n                                 alt=\"BAKAN I\u015eIKHANDAN MARD\u0130N\u2019E B\u00dcY\u00dcK PROJE\">\n                            <span class=\"icerik-baslik\">BAKAN I\u015eIKHANDAN MARD\u0130N\u2019E B\u00dcY\u00dcK PROJE<\/span>\n                    <\/article>\n                    <\/a>\n                <\/div>\n                            <div class=\"haber\">\n                    <a title=\"M\u0130LLETVEK\u0130L\u0130 FARUK KILI\u00c7 MARD\u0130N KURAN E\u011e\u0130T\u0130M MERKEZ\u0130 \u00d6\u011eRENC\u0130LERYLE SAHURDA BULU\u015eTU\" target=\"_blank\" href=\"https:\/\/mardinhaberyolu.com\/?p=112555\">\n                    <article\n                            style=\"border-bottom: 5px solid \"\n                            title=\"M\u0130LLETVEK\u0130L\u0130 FARUK KILI\u00c7 MARD\u0130N KURAN E\u011e\u0130T\u0130M MERKEZ\u0130 \u00d6\u011eRENC\u0130LERYLE SAHURDA BULU\u015eTU\" class=\"haber-alani\">\n\n                            <img decoding=\"async\" class=\"buyuk-alan-gorseli\" src=\"https:\/\/mardinhaberyolu.com\/wp-content\/uploads\/2026\/03\/f2.jpg\"\n                                 alt=\"M\u0130LLETVEK\u0130L\u0130 FARUK KILI\u00c7 MARD\u0130N KURAN E\u011e\u0130T\u0130M MERKEZ\u0130 \u00d6\u011eRENC\u0130LERYLE SAHURDA BULU\u015eTU\">\n                            <span class=\"icerik-baslik\">M\u0130LLETVEK\u0130L\u0130 FARUK KILI\u00c7 MARD\u0130N KURAN E\u011e\u0130T\u0130M MERKEZ\u0130 \u00d6\u011eRENC\u0130LERYLE SAHURDA BULU\u015eTU<\/span>\n                    <\/article>\n                    <\/a>\n                <\/div>\n                            <div class=\"haber\">\n                    <a title=\"AK Partiden 28 \u015eubat Darbesi A\u00e7\u0131klamas\u0131\" target=\"_blank\" href=\"https:\/\/mardinhaberyolu.com\/?p=112527\">\n                    <article\n                            style=\"border-bottom: 5px solid \"\n                            title=\"AK Partiden 28 \u015eubat Darbesi A\u00e7\u0131klamas\u0131\" class=\"haber-alani\">\n\n                            <img decoding=\"async\" class=\"buyuk-alan-gorseli\" src=\"https:\/\/mardinhaberyolu.com\/wp-content\/uploads\/2026\/03\/IMG-20260301-WA0020-scaled.jpg\"\n                                 alt=\"AK Partiden 28 \u015eubat Darbesi A\u00e7\u0131klamas\u0131\">\n                            <span class=\"icerik-baslik\">AK Partiden 28 \u015eubat Darbesi A\u00e7\u0131klamas\u0131<\/span>\n                    <\/article>\n                    <\/a>\n                <\/div>\n                            <div class=\"haber\">\n                    <a title=\"Milletvekili Faruk K\u0131l\u0131\u00e7&#8217;\u0131n 28 \u015eubat Mesaj\u0131\" target=\"_blank\" href=\"https:\/\/mardinhaberyolu.com\/?p=112507\">\n                    <article\n                            style=\"border-bottom: 5px solid \"\n                            title=\"Milletvekili Faruk K\u0131l\u0131\u00e7&#8217;\u0131n 28 \u015eubat Mesaj\u0131\" class=\"haber-alani\">\n\n                            <img decoding=\"async\" class=\"buyuk-alan-gorseli\" src=\"https:\/\/mardinhaberyolu.com\/wp-content\/uploads\/2026\/02\/IMG-20260227-WA0069.jpg\"\n                                 alt=\"Milletvekili Faruk K\u0131l\u0131\u00e7&#8217;\u0131n 28 \u015eubat Mesaj\u0131\">\n                            <span class=\"icerik-baslik\">Milletvekili Faruk K\u0131l\u0131\u00e7&#8217;\u0131n 28 \u015eubat Mesaj\u0131<\/span>\n                    <\/article>\n                    <\/a>\n                <\/div>\n                    <\/div>\n            \t\t\t\t<\/div>\n\t\t\t\t<\/div>\n\t\t\t\t\t<\/div>\n\t\t\t\t<\/div>\n\t\t<div class=\"elementor-element elementor-element-ce50106 e-flex e-con-boxed e-con e-parent\" data-id=\"ce50106\" data-element_type=\"container\" data-e-type=\"container\">\n\t\t\t\t\t<div class=\"e-con-inner\">\n\t\t<div class=\"elementor-element elementor-element-e3baec6 e-con-full e-flex e-con e-child\" data-id=\"e3baec6\" data-element_type=\"container\" data-e-type=\"container\">\n\t\t\t\t<div class=\"elementor-element elementor-element-9bb8f76 elementor-widget elementor-widget-ronse_grid_haber_3\" data-id=\"9bb8f76\" data-element_type=\"widget\" data-e-type=\"widget\" data-widget_type=\"ronse_grid_haber_3.default\">\n\t\t\t\t<div class=\"elementor-widget-container\">\n\t\t\t\t\t                <div class=\"ronse-baslik-kapsayici-icerik-alani mb-4\">\n            <div class=\"ronse-baslik-kapsayicisi ronse-genel-baslik\">\n                <h6 style=\"background-color: #0066bf\"\n                    class=\"title text-uppercase\">Ekonomi<\/h6>\n                <div class=\"ronse-baslik-cizgileri\"><\/div>\n            <\/div>\n            <div class=\"ronse-tum-icerik-butonu ronse-tum-icerik-butonu-iki\">\n                <a style=\"background-color: #0066bf\"\n                   href=\"https:\/\/mardinhaberyolu.com\/?cat=6\" class=\"link-btn\">T\u00fcm Haberler<\/a>\n            <\/div>\n        <\/div>\n                        <div class=\"grid-ust-alan\">\n                <div class=\"baslik\">\n                    <a class=\"mb-4 d-block\" title=\"Mardin\u2019de \u201cYerel Kalk\u0131nma Hamlesi\u201d bilgilendirme toplant\u0131s\u0131 d\u00fczenlendi\" target=\"_blank\"\n                       href=\"https:\/\/mardinhaberyolu.com\/?p=113260\"><span\n                                class=\"icerik-baslik\">Mardin\u2019de \u201cYerel Kalk\u0131nma Hamlesi\u201d bilgilendirme toplant\u0131s\u0131 d\u00fczenlendi<\/span><\/a>\n                    <p>Sanayi ve Teknoloji Bakanl\u0131\u011f\u0131 koordinasyonunda y\u00fcr\u00fct\u00fclen \u201cYerel Kalk\u0131nma Hamlesi Te\u015fvik Program\u0131 2026 Y\u0131l\u0131 \u00c7a\u011fr\u0131s\u0131\u201d kapsam\u0131nda Mardin\u2019de bilgilendirme toplant\u0131s\u0131 ger\u00e7ekle\u015ftirildi.<\/p>\n                    <div class=\"pe-2\">\n                                            <\/div>\n                <\/div>\n                <img decoding=\"async\" class=\"w-100 buyuk-resim\"\n                     style=\"border-bottom: 5px solid #0066bf\"\n                     src=\"https:\/\/mardinhaberyolu.com\/wp-content\/uploads\/2026\/04\/1-4-scaled.jpg\" alt=\"Mardin\u2019de \u201cYerel Kalk\u0131nma Hamlesi\u201d bilgilendirme toplant\u0131s\u0131 d\u00fczenlendi\">\n            <\/div>\n                <div class=\"row mt-4\">\n                            <div class=\"col-md-4 col-lg-4 col-xl-4 col-6 kart-haberler mb-3\">\n                    <article title=\"Mardin\u2019den Rusya\u2019ya Uzanan Yeni Ticaret K\u00f6pr\u00fcs\u00fc\">\n                        <a title=\"Mardin\u2019den Rusya\u2019ya Uzanan Yeni Ticaret K\u00f6pr\u00fcs\u00fc\" target=\"_blank\"\n                           href=\"https:\/\/mardinhaberyolu.com\/?p=113221\">\n                            <img decoding=\"async\" style=\"border-bottom: 5px solid #0066bf\"\n                                 src=\"https:\/\/mardinhaberyolu.com\/wp-content\/uploads\/2026\/04\/ts1.jpg\" alt=\"Mardin\u2019den Rusya\u2019ya Uzanan Yeni Ticaret K\u00f6pr\u00fcs\u00fc\">\n                            <span class=\"icerik-baslik\">Mardin\u2019den Rusya\u2019ya Uzanan Yeni Ticaret K\u00f6pr\u00fcs\u00fc<\/span>\n                        <\/a>\n                    <\/article>\n                <\/div>\n                            <div class=\"col-md-4 col-lg-4 col-xl-4 col-6 kart-haberler mb-3\">\n                    <article title=\"Mardin\u2019de yat\u0131r\u0131m ve kalk\u0131nma odakl\u0131 bulu\u015fma\">\n                        <a title=\"Mardin\u2019de yat\u0131r\u0131m ve kalk\u0131nma odakl\u0131 bulu\u015fma\" target=\"_blank\"\n                           href=\"https:\/\/mardinhaberyolu.com\/?p=113218\">\n                            <img decoding=\"async\" style=\"border-bottom: 5px solid #0066bf\"\n                                 src=\"https:\/\/mardinhaberyolu.com\/wp-content\/uploads\/2026\/04\/ts.jpg\" alt=\"Mardin\u2019de yat\u0131r\u0131m ve kalk\u0131nma odakl\u0131 bulu\u015fma\">\n                            <span class=\"icerik-baslik\">Mardin\u2019de yat\u0131r\u0131m ve kalk\u0131nma odakl\u0131 bulu\u015fma<\/span>\n                        <\/a>\n                    <\/article>\n                <\/div>\n                            <div class=\"col-md-4 col-lg-4 col-xl-4 col-6 kart-haberler mb-3\">\n                    <article title=\"\u201cDijitalle\u015fme, Mardin\u2019in kaderini de\u011fi\u015ftirecek stratejik bir f\u0131rsatt\u0131r\u201d\">\n                        <a title=\"\u201cDijitalle\u015fme, Mardin\u2019in kaderini de\u011fi\u015ftirecek stratejik bir f\u0131rsatt\u0131r\u201d\" target=\"_blank\"\n                           href=\"https:\/\/mardinhaberyolu.com\/?p=113060\">\n                            <img decoding=\"async\" style=\"border-bottom: 5px solid #0066bf\"\n                                 src=\"https:\/\/mardinhaberyolu.com\/wp-content\/uploads\/2026\/04\/DSC_3886.JPG-scaled.jpeg\" alt=\"\u201cDijitalle\u015fme, Mardin\u2019in kaderini de\u011fi\u015ftirecek stratejik bir f\u0131rsatt\u0131r\u201d\">\n                            <span class=\"icerik-baslik\">\u201cDijitalle\u015fme, Mardin\u2019in kaderini de\u011fi\u015ftirecek stratejik bir f\u0131rsatt\u0131r\u201d<\/span>\n                        <\/a>\n                    <\/article>\n                <\/div>\n                    <\/div>\n    \t\t\t\t<\/div>\n\t\t\t\t<\/div>\n\t\t\t\t<\/div>\n\t\t<div class=\"elementor-element elementor-element-1dfa265 e-con-full e-flex e-con e-child\" data-id=\"1dfa265\" data-element_type=\"container\" data-e-type=\"container\">\n\t\t\t\t<div class=\"elementor-element elementor-element-dfaf36d elementor-widget elementor-widget-ronse_lastest_news\" data-id=\"dfaf36d\" data-element_type=\"widget\" data-e-type=\"widget\" data-widget_type=\"ronse_lastest_news.default\">\n\t\t\t\t<div class=\"elementor-widget-container\">\n\t\t\t\t\t                <div class=\"haber-listesi\">\n            <div class=\"haberler\">\n                <h2 class=\"baslik\">K\u00fclt\u00fcr Sanat<\/h2>\n                <p>\n                                            <a target=\"_blank\" title=\"Tarihin \u0130lm\u00ee Gelene\u011fi, MA\u00dc ile Yeniden Canland\u0131\" href=\"https:\/\/mardinhaberyolu.com\/?p=113203\">\n                            Tarihin \u0130lm\u00ee Gelene\u011fi, MA\u00dc ile Yeniden Canland\u0131<span><span\n                                        class=\"me-2 fst-italic fw-light\">22 Nisan 2026<\/span>10:52<\/span>\n                        <\/a>\n                                            <a target=\"_blank\" title=\"MARTED Kongresi Yap\u0131ld\u0131\" href=\"https:\/\/mardinhaberyolu.com\/?p=113194\">\n                            MARTED Kongresi Yap\u0131ld\u0131<span><span\n                                        class=\"me-2 fst-italic fw-light\">22 Nisan 2026<\/span>06:51<\/span>\n                        <\/a>\n                                            <a target=\"_blank\" title=\"Milletvekili K\u0131l\u0131\u00e7, Can Kayb\u0131n\u0131n Ya\u015fanmam\u0131\u015f Olmas\u0131 En B\u00fcy\u00fck Tesellimiz Oldu\" href=\"https:\/\/mardinhaberyolu.com\/?p=113180\">\n                            Milletvekili K\u0131l\u0131\u00e7, Can Kayb\u0131n\u0131n Ya\u015fanmam\u0131\u015f Olmas\u0131 En B\u00fcy\u00fck Tesellimiz Oldu<span><span\n                                        class=\"me-2 fst-italic fw-light\">19 Nisan 2026<\/span>14:26<\/span>\n                        <\/a>\n                                            <a target=\"_blank\" title=\"Gen\u00e7 Yetenekler B\u00f6lge Finallerine Haz\u0131r\" href=\"https:\/\/mardinhaberyolu.com\/?p=113007\">\n                            Gen\u00e7 Yetenekler B\u00f6lge Finallerine Haz\u0131r<span><span\n                                        class=\"me-2 fst-italic fw-light\">3 Nisan 2026<\/span>11:04<\/span>\n                        <\/a>\n                                            <a target=\"_blank\" title=\"Mardinli D\u00fc\u011f\u00fcn Sanat\u00e7\u0131s\u0131 Emin Erbani Ya\u015fam\u0131n\u0131 yitirdi\" href=\"https:\/\/mardinhaberyolu.com\/?p=112857\">\n                            Mardinli D\u00fc\u011f\u00fcn Sanat\u00e7\u0131s\u0131 Emin Erbani Ya\u015fam\u0131n\u0131 yitirdi<span><span\n                                        class=\"me-2 fst-italic fw-light\">18 Mart 2026<\/span>13:27<\/span>\n                        <\/a>\n                                            <a target=\"_blank\" title=\"MARSU, 37 Y\u0131ll\u0131k Ayakl\u0131 Su Deposunun Yerine Yenisini \u0130n\u015fa Etti\" href=\"https:\/\/mardinhaberyolu.com\/?p=112266\">\n                            MARSU, 37 Y\u0131ll\u0131k Ayakl\u0131 Su Deposunun Yerine Yenisini \u0130n\u015fa Etti<span><span\n                                        class=\"me-2 fst-italic fw-light\">10 \u015eubat 2026<\/span>14:11<\/span>\n                        <\/a>\n                                    <\/p>\n            <\/div>\n        <\/div>\n    \n        \t\t\t\t<\/div>\n\t\t\t\t<\/div>\n\t\t\t\t<\/div>\n\t\t\t\t\t<\/div>\n\t\t\t\t<\/div>\n\t\t<div class=\"elementor-element elementor-element-7cd1f33 e-flex e-con-boxed e-con e-parent\" data-id=\"7cd1f33\" data-element_type=\"container\" data-e-type=\"container\">\n\t\t\t\t\t<div class=\"e-con-inner\">\n\t\t\t\t<div class=\"elementor-element elementor-element-9dc8a8c elementor-widget elementor-widget-ronse_grid_haber_1\" data-id=\"9dc8a8c\" data-element_type=\"widget\" data-e-type=\"widget\" data-widget_type=\"ronse_grid_haber_1.default\">\n\t\t\t\t<div class=\"elementor-widget-container\">\n\t\t\t\t\t                <div class=\"ronse-baslik-kapsayici-icerik-alani mb-4\">\n            <div class=\"ronse-baslik-kapsayicisi ronse-genel-baslik\">\n                <h6 style=\"background-color: #00a824\"\n                    class=\"title text-uppercase\">Spor Haberleri<\/h6>\n                <div class=\"ronse-baslik-cizgileri\"><\/div>\n            <\/div>\n            <div class=\"ronse-tum-icerik-butonu ronse-tum-icerik-butonu-iki\">\n                <a style=\"background-color: #00a824\"\n                   href=\"https:\/\/mardinhaberyolu.com\/?cat=7\"\n                   class=\"link-btn\">T\u00fcm Haberler<\/a>\n            <\/div>\n        <\/div>\n            <div class=\"grid-haberler kart-haberler grid-tasarim2\">\n                            <div class=\"haber\">\n                    <a title=\"YRP&#8217;den Kahramanmara\u015f&#8217;taki Mardinspor Taraftarlar\u0131na &#8216;Play Off Yasa\u011f\u0131&#8217;na Tepki\" target=\"_blank\" href=\"https:\/\/mardinhaberyolu.com\/?p=113306\">\n                    <article\n                            style=\"border-bottom: 5px solid #00a824\"\n                            title=\"YRP&#8217;den Kahramanmara\u015f&#8217;taki Mardinspor Taraftarlar\u0131na &#8216;Play Off Yasa\u011f\u0131&#8217;na Tepki\" class=\"haber-alani\">\n\n                            <img decoding=\"async\" class=\"buyuk-alan-gorseli\" src=\"https:\/\/mardinhaberyolu.com\/wp-content\/uploads\/2026\/04\/dogan-bekinden-secim-basarisi-aciklamasi-003958-20240404.jpg\"\n                                 alt=\"YRP&#8217;den Kahramanmara\u015f&#8217;taki Mardinspor Taraftarlar\u0131na &#8216;Play Off Yasa\u011f\u0131&#8217;na Tepki\">\n                            <span class=\"icerik-baslik\">YRP&#8217;den Kahramanmara\u015f&#8217;taki Mardinspor Taraftarlar\u0131na &#8216;Play Off Yasa\u011f\u0131&#8217;na Tepki<\/span>\n                    <\/article>\n                    <\/a>\n                <\/div>\n                            <div class=\"haber\">\n                    <a title=\"Mardin 1969 Spor\u2019un Play-Off \u00f6ncesi \u0130statistikleri\u00a0\" target=\"_blank\" href=\"https:\/\/mardinhaberyolu.com\/?p=113285\">\n                    <article\n                            style=\"border-bottom: 5px solid #00a824\"\n                            title=\"Mardin 1969 Spor\u2019un Play-Off \u00f6ncesi \u0130statistikleri\u00a0\" class=\"haber-alani\">\n\n                            <img decoding=\"async\" class=\"buyuk-alan-gorseli\" src=\"https:\/\/mardinhaberyolu.com\/wp-content\/uploads\/2026\/04\/MS1-1.jpg\"\n                                 alt=\"Mardin 1969 Spor\u2019un Play-Off \u00f6ncesi \u0130statistikleri\u00a0\">\n                            <span class=\"icerik-baslik\">Mardin 1969 Spor\u2019un Play-Off \u00f6ncesi \u0130statistikleri\u00a0<\/span>\n                    <\/article>\n                    <\/a>\n                <\/div>\n                            <div class=\"haber\">\n                    <a title=\"Mardin 1969 Spor Belli: 1. Lige  Y\u00fckselmek\" target=\"_blank\" href=\"https:\/\/mardinhaberyolu.com\/?p=113242\">\n                    <article\n                            style=\"border-bottom: 5px solid #00a824\"\n                            title=\"Mardin 1969 Spor Belli: 1. Lige  Y\u00fckselmek\" class=\"haber-alani\">\n\n                            <img decoding=\"async\" class=\"buyuk-alan-gorseli\" src=\"https:\/\/mardinhaberyolu.com\/wp-content\/uploads\/2026\/04\/ms1.jpg\"\n                                 alt=\"Mardin 1969 Spor Belli: 1. Lige  Y\u00fckselmek\">\n                            <span class=\"icerik-baslik\">Mardin 1969 Spor Belli: 1. Lige  Y\u00fckselmek<\/span>\n                    <\/article>\n                    <\/a>\n                <\/div>\n                            <div class=\"haber\">\n                    <a title=\"\" target=\"_blank\" href=\"https:\/\/mardinhaberyolu.com\/?p=113183\">\n                    <article\n                            style=\"border-bottom: 5px solid #00a824\"\n                            title=\"\" class=\"haber-alani\">\n\n                            <img decoding=\"async\" class=\"buyuk-alan-gorseli\" src=\"https:\/\/mardinhaberyolu.com\/wp-content\/uploads\/2026\/04\/IMG-20260419-WA0017.jpg\"\n                                 alt=\"\">\n                            <span class=\"icerik-baslik\"><\/span>\n                    <\/article>\n                    <\/a>\n                <\/div>\n                            <div class=\"haber\">\n                    <a title=\"Ba\u015fkan A\u015far: \u201cSon 5 ma\u00e7ta herkes yan\u0131m\u0131zda olsun\u201d\" target=\"_blank\" href=\"https:\/\/mardinhaberyolu.com\/?p=113160\">\n                    <article\n                            style=\"border-bottom: 5px solid #00a824\"\n                            title=\"Ba\u015fkan A\u015far: \u201cSon 5 ma\u00e7ta herkes yan\u0131m\u0131zda olsun\u201d\" class=\"haber-alani\">\n\n                            <img decoding=\"async\" class=\"buyuk-alan-gorseli\" src=\"https:\/\/mardinhaberyolu.com\/wp-content\/uploads\/2026\/04\/IMG-20260417-WA0032.jpg\"\n                                 alt=\"Ba\u015fkan A\u015far: \u201cSon 5 ma\u00e7ta herkes yan\u0131m\u0131zda olsun\u201d\">\n                            <span class=\"icerik-baslik\">Ba\u015fkan A\u015far: \u201cSon 5 ma\u00e7ta herkes yan\u0131m\u0131zda olsun\u201d<\/span>\n                    <\/article>\n                    <\/a>\n                <\/div>\n                            <div class=\"haber\">\n                    <a title=\"Mardin 1969 Spor\u2019un hedefi Gebze\u2019de 3 Puan\u00a0\" target=\"_blank\" href=\"https:\/\/mardinhaberyolu.com\/?p=113125\">\n                    <article\n                            style=\"border-bottom: 5px solid #00a824\"\n                            title=\"Mardin 1969 Spor\u2019un hedefi Gebze\u2019de 3 Puan\u00a0\" class=\"haber-alani\">\n\n                            <img decoding=\"async\" class=\"buyuk-alan-gorseli\" src=\"https:\/\/mardinhaberyolu.com\/wp-content\/uploads\/2026\/04\/s2-scaled.jpg\"\n                                 alt=\"Mardin 1969 Spor\u2019un hedefi Gebze\u2019de 3 Puan\u00a0\">\n                            <span class=\"icerik-baslik\">Mardin 1969 Spor\u2019un hedefi Gebze\u2019de 3 Puan\u00a0<\/span>\n                    <\/article>\n                    <\/a>\n                <\/div>\n                            <div class=\"haber\">\n                    <a title=\"Mardin 1969 Spor\u2019dan Kritik Zafer: Play-Off Bileti Cebe Girdi!\" target=\"_blank\" href=\"https:\/\/mardinhaberyolu.com\/?p=113107\">\n                    <article\n                            style=\"border-bottom: 5px solid #00a824\"\n                            title=\"Mardin 1969 Spor\u2019dan Kritik Zafer: Play-Off Bileti Cebe Girdi!\" class=\"haber-alani\">\n\n                            <img decoding=\"async\" class=\"buyuk-alan-gorseli\" src=\"https:\/\/mardinhaberyolu.com\/wp-content\/uploads\/2026\/04\/IMG-20260412-WA0105-scaled.jpg\"\n                                 alt=\"Mardin 1969 Spor\u2019dan Kritik Zafer: Play-Off Bileti Cebe Girdi!\">\n                            <span class=\"icerik-baslik\">Mardin 1969 Spor\u2019dan Kritik Zafer: Play-Off Bileti Cebe Girdi!<\/span>\n                    <\/article>\n                    <\/a>\n                <\/div>\n                            <div class=\"haber\">\n                    <a title=\"\u0130mam Hatip Spor Okullar\u0131 Mardin \u0130l \u015eampiyonas\u0131 Heyecanl\u0131 Bekleyi\u015f\" target=\"_blank\" href=\"https:\/\/mardinhaberyolu.com\/?p=113057\">\n                    <article\n                            style=\"border-bottom: 5px solid #00a824\"\n                            title=\"\u0130mam Hatip Spor Okullar\u0131 Mardin \u0130l \u015eampiyonas\u0131 Heyecanl\u0131 Bekleyi\u015f\" class=\"haber-alani\">\n\n                            <img decoding=\"async\" class=\"buyuk-alan-gorseli\" src=\"https:\/\/mardinhaberyolu.com\/wp-content\/uploads\/2026\/04\/b1.jpg\"\n                                 alt=\"\u0130mam Hatip Spor Okullar\u0131 Mardin \u0130l \u015eampiyonas\u0131 Heyecanl\u0131 Bekleyi\u015f\">\n                            <span class=\"icerik-baslik\">\u0130mam Hatip Spor Okullar\u0131 Mardin \u0130l \u015eampiyonas\u0131 Heyecanl\u0131 Bekleyi\u015f<\/span>\n                    <\/article>\n                    <\/a>\n                <\/div>\n                            <div class=\"haber\">\n                    <a title=\"Derik Belediyesi 3. Geleneksel Bar\u0131\u015f Turnuvas\u0131 Ba\u015flad\u0131\" target=\"_blank\" href=\"https:\/\/mardinhaberyolu.com\/?p=112972\">\n                    <article\n                            style=\"border-bottom: 5px solid #00a824\"\n                            title=\"Derik Belediyesi 3. Geleneksel Bar\u0131\u015f Turnuvas\u0131 Ba\u015flad\u0131\" class=\"haber-alani\">\n\n                            <img decoding=\"async\" class=\"buyuk-alan-gorseli\" src=\"https:\/\/mardinhaberyolu.com\/wp-content\/uploads\/2026\/03\/d1-2.jpg\"\n                                 alt=\"Derik Belediyesi 3. Geleneksel Bar\u0131\u015f Turnuvas\u0131 Ba\u015flad\u0131\">\n                            <span class=\"icerik-baslik\">Derik Belediyesi 3. Geleneksel Bar\u0131\u015f Turnuvas\u0131 Ba\u015flad\u0131<\/span>\n                    <\/article>\n                    <\/a>\n                <\/div>\n                    <\/div>\n            \t\t\t\t<\/div>\n\t\t\t\t<\/div>\n\t\t\t\t\t<\/div>\n\t\t\t\t<\/div>\n\t\t<div class=\"elementor-element elementor-element-ebde89d e-flex e-con-boxed e-con e-parent\" data-id=\"ebde89d\" data-element_type=\"container\" data-e-type=\"container\">\n\t\t\t\t\t<div class=\"e-con-inner\">\n\t\t\t\t<div class=\"elementor-element elementor-element-498fdbf elementor-widget elementor-widget-ronse_card_news\" data-id=\"498fdbf\" data-element_type=\"widget\" data-e-type=\"widget\" data-widget_type=\"ronse_card_news.default\">\n\t\t\t\t<div class=\"elementor-widget-container\">\n\t\t\t\t\t                <div class=\"ronse-baslik-kapsayici-icerik-alani\">\n            <div class=\"ronse-baslik-kapsayicisi ronse-genel-baslik\">\n                <h6 style=\"background-color: \"\n                    class=\"title text-uppercase\">Sa\u011fl\u0131k<\/h6>\n                <div class=\"ronse-baslik-cizgileri\"><\/div>\n            <\/div>\n            <div class=\"ronse-tum-icerik-butonu ronse-tum-icerik-butonu-iki\">\n                <a style=\"background-color: \"\n                   href=\"https:\/\/mardinhaberyolu.com\/?cat=19\" class=\"link-btn\">T\u00fcm Haberler<\/a>\n            <\/div>\n        <\/div>\n                    <div class=\"kart-haberler\">\n            <div class=\"row\">\n                                    <div class=\"col-md-3 col-lg-3 col-xxl-3 col-6 \">\n\t\t\t\t\t\t <a title=\"MA\u00dc\u2019de T\u0131bb\u0131n Gelece\u011fi Masaya Yat\u0131r\u0131ld\u0131\" target=\"_blank\" href=\"https:\/\/mardinhaberyolu.com\/?p=113208\">\n                        <article title=\"MA\u00dc\u2019de T\u0131bb\u0131n Gelece\u011fi Masaya Yat\u0131r\u0131ld\u0131\">\n                                <img decoding=\"async\" style=\"border-bottom: 5px solid \"\n                                     src=\"https:\/\/mardinhaberyolu.com\/wp-content\/uploads\/2026\/04\/t1.jpg\" alt=\"MA\u00dc\u2019de T\u0131bb\u0131n Gelece\u011fi Masaya Yat\u0131r\u0131ld\u0131\">\n                                <span class=\"icerik-baslik\">MA\u00dc\u2019de T\u0131bb\u0131n Gelece\u011fi Masaya Yat\u0131r\u0131ld\u0131<\/span>\n                        <\/article>\n\t\t\t\t\t\t<\/a>\n                    <\/div>\n                                    <div class=\"col-md-3 col-lg-3 col-xxl-3 col-6 \">\n\t\t\t\t\t\t <a title=\"\u0130L SA\u011eLIK M\u00dcD\u00dcR\u00dc YAVUZ,SA\u011eLIKTA HER T\u00dcRL\u00dc \u015e\u0130DDETE KAR\u015eIYIZ\" target=\"_blank\" href=\"https:\/\/mardinhaberyolu.com\/?p=113146\">\n                        <article title=\"\u0130L SA\u011eLIK M\u00dcD\u00dcR\u00dc YAVUZ,SA\u011eLIKTA HER T\u00dcRL\u00dc \u015e\u0130DDETE KAR\u015eIYIZ\">\n                                <img decoding=\"async\" style=\"border-bottom: 5px solid \"\n                                     src=\"https:\/\/mardinhaberyolu.com\/wp-content\/uploads\/2026\/04\/IMG-20260416-WA0085.jpg\" alt=\"\u0130L SA\u011eLIK M\u00dcD\u00dcR\u00dc YAVUZ,SA\u011eLIKTA HER T\u00dcRL\u00dc \u015e\u0130DDETE KAR\u015eIYIZ\">\n                                <span class=\"icerik-baslik\">\u0130L SA\u011eLIK M\u00dcD\u00dcR\u00dc YAVUZ,SA\u011eLIKTA HER T\u00dcRL\u00dc \u015e\u0130DDETE KAR\u015eIYIZ<\/span>\n                        <\/article>\n\t\t\t\t\t\t<\/a>\n                    <\/div>\n                                    <div class=\"col-md-3 col-lg-3 col-xxl-3 col-6 \">\n\t\t\t\t\t\t <a title=\"Mardin\u2019de Otizm Fark\u0131ndal\u0131\u011f\u0131na Anlaml\u0131 Dokunu\u015f\" target=\"_blank\" href=\"https:\/\/mardinhaberyolu.com\/?p=112987\">\n                        <article title=\"Mardin\u2019de Otizm Fark\u0131ndal\u0131\u011f\u0131na Anlaml\u0131 Dokunu\u015f\">\n                                <img decoding=\"async\" style=\"border-bottom: 5px solid \"\n                                     src=\"https:\/\/mardinhaberyolu.com\/wp-content\/uploads\/2026\/04\/IMG-20260402-WA0016-scaled.jpg\" alt=\"Mardin\u2019de Otizm Fark\u0131ndal\u0131\u011f\u0131na Anlaml\u0131 Dokunu\u015f\">\n                                <span class=\"icerik-baslik\">Mardin\u2019de Otizm Fark\u0131ndal\u0131\u011f\u0131na Anlaml\u0131 Dokunu\u015f<\/span>\n                        <\/article>\n\t\t\t\t\t\t<\/a>\n                    <\/div>\n                                    <div class=\"col-md-3 col-lg-3 col-xxl-3 col-6 \">\n\t\t\t\t\t\t <a title=\"\u0130l Ba\u015fkan\u0131 Mehmet Uncu Duyurdu: Mardin\u2019e 44 Yeni Hekim Atand\u0131\" target=\"_blank\" href=\"https:\/\/mardinhaberyolu.com\/?p=110860\">\n                        <article title=\"\u0130l Ba\u015fkan\u0131 Mehmet Uncu Duyurdu: Mardin\u2019e 44 Yeni Hekim Atand\u0131\">\n                                <img decoding=\"async\" style=\"border-bottom: 5px solid \"\n                                     src=\"https:\/\/mardinhaberyolu.com\/wp-content\/uploads\/2025\/10\/u1.jpg\" alt=\"\u0130l Ba\u015fkan\u0131 Mehmet Uncu Duyurdu: Mardin\u2019e 44 Yeni Hekim Atand\u0131\">\n                                <span class=\"icerik-baslik\">\u0130l Ba\u015fkan\u0131 Mehmet Uncu Duyurdu: Mardin\u2019e 44 Yeni Hekim Atand\u0131<\/span>\n                        <\/article>\n\t\t\t\t\t\t<\/a>\n                    <\/div>\n                                    <div class=\"col-md-3 col-lg-3 col-xxl-3 col-6 \">\n\t\t\t\t\t\t <a title=\"Mardin\u2019de (ASKOM) Acil Sa\u011fl\u0131k Hizmetleri Koordinasyon Komisyonu Toplant\u0131s\u0131 Ger\u00e7ekle\u015ftirildi\" target=\"_blank\" href=\"https:\/\/mardinhaberyolu.com\/?p=110378\">\n                        <article title=\"Mardin\u2019de (ASKOM) Acil Sa\u011fl\u0131k Hizmetleri Koordinasyon Komisyonu Toplant\u0131s\u0131 Ger\u00e7ekle\u015ftirildi\">\n                                <img decoding=\"async\" style=\"border-bottom: 5px solid \"\n                                     src=\"https:\/\/mardinhaberyolu.com\/wp-content\/uploads\/2025\/09\/s1-2.jpg\" alt=\"Mardin\u2019de (ASKOM) Acil Sa\u011fl\u0131k Hizmetleri Koordinasyon Komisyonu Toplant\u0131s\u0131 Ger\u00e7ekle\u015ftirildi\">\n                                <span class=\"icerik-baslik\">Mardin\u2019de (ASKOM) Acil Sa\u011fl\u0131k Hizmetleri Koordinasyon Komisyonu Toplant\u0131s\u0131 Ger\u00e7ekle\u015ftirildi<\/span>\n                        <\/article>\n\t\t\t\t\t\t<\/a>\n                    <\/div>\n                                    <div class=\"col-md-3 col-lg-3 col-xxl-3 col-6 \">\n\t\t\t\t\t\t <a title=\"\u0130l Ba\u015fkan\u0131 Mehmet Uncu Duyurdu: Mardin\u2019e 270 Yeni Hekim Atand\u0131\" target=\"_blank\" href=\"https:\/\/mardinhaberyolu.com\/?p=109907\">\n                        <article title=\"\u0130l Ba\u015fkan\u0131 Mehmet Uncu Duyurdu: Mardin\u2019e 270 Yeni Hekim Atand\u0131\">\n                                <img decoding=\"async\" style=\"border-bottom: 5px solid \"\n                                     src=\"https:\/\/mardinhaberyolu.com\/wp-content\/uploads\/2025\/08\/IMG-20250828-WA0040.jpg\" alt=\"\u0130l Ba\u015fkan\u0131 Mehmet Uncu Duyurdu: Mardin\u2019e 270 Yeni Hekim Atand\u0131\">\n                                <span class=\"icerik-baslik\">\u0130l Ba\u015fkan\u0131 Mehmet Uncu Duyurdu: Mardin\u2019e 270 Yeni Hekim Atand\u0131<\/span>\n                        <\/article>\n\t\t\t\t\t\t<\/a>\n                    <\/div>\n                                    <div class=\"col-md-3 col-lg-3 col-xxl-3 col-6 \">\n\t\t\t\t\t\t <a title=\"Milletvekili K\u0131l\u0131\u00e7: Yan\u0131k \u00dcnitesi B\u00f6lgemizde ve \u0130limizde B\u00fcy\u00fck Bir A\u00e7\u0131\u011f\u0131 Giderecektir\" target=\"_blank\" href=\"https:\/\/mardinhaberyolu.com\/?p=109360\">\n                        <article title=\"Milletvekili K\u0131l\u0131\u00e7: Yan\u0131k \u00dcnitesi B\u00f6lgemizde ve \u0130limizde B\u00fcy\u00fck Bir A\u00e7\u0131\u011f\u0131 Giderecektir\">\n                                <img decoding=\"async\" style=\"border-bottom: 5px solid \"\n                                     src=\"https:\/\/mardinhaberyolu.com\/wp-content\/uploads\/2025\/07\/IMG-20250722-WA0043.jpg\" alt=\"Milletvekili K\u0131l\u0131\u00e7: Yan\u0131k \u00dcnitesi B\u00f6lgemizde ve \u0130limizde B\u00fcy\u00fck Bir A\u00e7\u0131\u011f\u0131 Giderecektir\">\n                                <span class=\"icerik-baslik\">Milletvekili K\u0131l\u0131\u00e7: Yan\u0131k \u00dcnitesi B\u00f6lgemizde ve \u0130limizde B\u00fcy\u00fck Bir A\u00e7\u0131\u011f\u0131 Giderecektir<\/span>\n                        <\/article>\n\t\t\t\t\t\t<\/a>\n                    <\/div>\n                                    <div class=\"col-md-3 col-lg-3 col-xxl-3 col-6 \">\n\t\t\t\t\t\t <a title=\"Mardin\u2019in Sa\u011fl\u0131k Altyap\u0131s\u0131 G\u00fc\u00e7leniyor: 20 Yeni Uzman Hekim G\u00f6reve Ba\u015fl\u0131yor\" target=\"_blank\" href=\"https:\/\/mardinhaberyolu.com\/?p=108997\">\n                        <article title=\"Mardin\u2019in Sa\u011fl\u0131k Altyap\u0131s\u0131 G\u00fc\u00e7leniyor: 20 Yeni Uzman Hekim G\u00f6reve Ba\u015fl\u0131yor\">\n                                <img decoding=\"async\" style=\"border-bottom: 5px solid \"\n                                     src=\"https:\/\/mardinhaberyolu.com\/wp-content\/uploads\/2025\/07\/IMG-20250703-WA0062.jpg\" alt=\"Mardin\u2019in Sa\u011fl\u0131k Altyap\u0131s\u0131 G\u00fc\u00e7leniyor: 20 Yeni Uzman Hekim G\u00f6reve Ba\u015fl\u0131yor\">\n                                <span class=\"icerik-baslik\">Mardin\u2019in Sa\u011fl\u0131k Altyap\u0131s\u0131 G\u00fc\u00e7leniyor: 20 Yeni Uzman Hekim G\u00f6reve Ba\u015fl\u0131yor<\/span>\n                        <\/article>\n\t\t\t\t\t\t<\/a>\n                    <\/div>\n                            <\/div>\n                <\/div>\n            \t\t\t\t<\/div>\n\t\t\t\t<\/div>\n\t\t\t\t\t<\/div>\n\t\t\t\t<\/div>\n\t\t<div class=\"elementor-element elementor-element-9edb8ed e-flex e-con-boxed e-con e-parent\" data-id=\"9edb8ed\" data-element_type=\"container\" data-e-type=\"container\">\n\t\t\t\t\t<div class=\"e-con-inner\">\n\t\t\t\t<div class=\"elementor-element elementor-element-4d4b73c elementor-widget elementor-widget-ronse_card_news\" data-id=\"4d4b73c\" data-element_type=\"widget\" data-e-type=\"widget\" data-widget_type=\"ronse_card_news.default\">\n\t\t\t\t<div class=\"elementor-widget-container\">\n\t\t\t\t\t                <div class=\"ronse-baslik-kapsayici-icerik-alani\">\n            <div class=\"ronse-baslik-kapsayicisi ronse-genel-baslik\">\n                <h6 style=\"background-color: \"\n                    class=\"title text-uppercase\">Ya\u015fam<\/h6>\n                <div class=\"ronse-baslik-cizgileri\"><\/div>\n            <\/div>\n            <div class=\"ronse-tum-icerik-butonu ronse-tum-icerik-butonu-iki\">\n                <a style=\"background-color: \"\n                   href=\"https:\/\/mardinhaberyolu.com\/?cat=18\" class=\"link-btn\">T\u00fcm Haberler<\/a>\n            <\/div>\n        <\/div>\n                    <div class=\"kart-haberler\">\n            <div class=\"row\">\n                                    <div class=\"col-md-3 col-lg-3 col-xxl-3 col-6 \">\n\t\t\t\t\t\t <a title=\"MARSU&#8221;dan Yeni Su \u015eebekesi\" target=\"_blank\" href=\"https:\/\/mardinhaberyolu.com\/?p=113313\">\n                        <article title=\"MARSU&#8221;dan Yeni Su \u015eebekesi\">\n                                <img decoding=\"async\" style=\"border-bottom: 5px solid \"\n                                     src=\"https:\/\/mardinhaberyolu.com\/wp-content\/uploads\/2026\/04\/MC.jpg\" alt=\"MARSU&#8221;dan Yeni Su \u015eebekesi\">\n                                <span class=\"icerik-baslik\">MARSU&#8221;dan Yeni Su \u015eebekesi<\/span>\n                        <\/article>\n\t\t\t\t\t\t<\/a>\n                    <\/div>\n                                    <div class=\"col-md-3 col-lg-3 col-xxl-3 col-6 \">\n\t\t\t\t\t\t <a title=\"Derik&#8217;te Karahan Kona\u011f\u0131 restorasyonuna ba\u015fland\u0131\" target=\"_blank\" href=\"https:\/\/mardinhaberyolu.com\/?p=113303\">\n                        <article title=\"Derik&#8217;te Karahan Kona\u011f\u0131 restorasyonuna ba\u015fland\u0131\">\n                                <img decoding=\"async\" style=\"border-bottom: 5px solid \"\n                                     src=\"https:\/\/mardinhaberyolu.com\/wp-content\/uploads\/2026\/04\/em1.jpg\" alt=\"Derik&#8217;te Karahan Kona\u011f\u0131 restorasyonuna ba\u015fland\u0131\">\n                                <span class=\"icerik-baslik\">Derik&#8217;te Karahan Kona\u011f\u0131 restorasyonuna ba\u015fland\u0131<\/span>\n                        <\/article>\n\t\t\t\t\t\t<\/a>\n                    <\/div>\n                                    <div class=\"col-md-3 col-lg-3 col-xxl-3 col-6 \">\n\t\t\t\t\t\t <a title=\"13 Mart Mahallesi\u2019nde Elektrik Altyap\u0131 \u00c7al\u0131\u015fmalar\u0131 Ba\u015flad\u0131\" target=\"_blank\" href=\"https:\/\/mardinhaberyolu.com\/?p=113290\">\n                        <article title=\"13 Mart Mahallesi\u2019nde Elektrik Altyap\u0131 \u00c7al\u0131\u015fmalar\u0131 Ba\u015flad\u0131\">\n                                <img decoding=\"async\" style=\"border-bottom: 5px solid \"\n                                     src=\"https:\/\/mardinhaberyolu.com\/wp-content\/uploads\/2026\/04\/IMG-20260428-WA0125-scaled.jpg\" alt=\"13 Mart Mahallesi\u2019nde Elektrik Altyap\u0131 \u00c7al\u0131\u015fmalar\u0131 Ba\u015flad\u0131\">\n                                <span class=\"icerik-baslik\">13 Mart Mahallesi\u2019nde Elektrik Altyap\u0131 \u00c7al\u0131\u015fmalar\u0131 Ba\u015flad\u0131<\/span>\n                        <\/article>\n\t\t\t\t\t\t<\/a>\n                    <\/div>\n                                    <div class=\"col-md-3 col-lg-3 col-xxl-3 col-6 \">\n\t\t\t\t\t\t <a title=\"Artuklu Belediyesi Sara\u00e7o\u011flu Mahallesi\u2019nde Yol Yenileme \u00c7al\u0131\u015fmalar\u0131n\u0131 S\u00fcrd\u00fcr\u00fcyor\" target=\"_blank\" href=\"https:\/\/mardinhaberyolu.com\/?p=113281\">\n                        <article title=\"Artuklu Belediyesi Sara\u00e7o\u011flu Mahallesi\u2019nde Yol Yenileme \u00c7al\u0131\u015fmalar\u0131n\u0131 S\u00fcrd\u00fcr\u00fcyor\">\n                                <img decoding=\"async\" style=\"border-bottom: 5px solid \"\n                                     src=\"https:\/\/mardinhaberyolu.com\/wp-content\/uploads\/2026\/04\/AR.jpg\" alt=\"Artuklu Belediyesi Sara\u00e7o\u011flu Mahallesi\u2019nde Yol Yenileme \u00c7al\u0131\u015fmalar\u0131n\u0131 S\u00fcrd\u00fcr\u00fcyor\">\n                                <span class=\"icerik-baslik\">Artuklu Belediyesi Sara\u00e7o\u011flu Mahallesi\u2019nde Yol Yenileme \u00c7al\u0131\u015fmalar\u0131n\u0131 S\u00fcrd\u00fcr\u00fcyor<\/span>\n                        <\/article>\n\t\t\t\t\t\t<\/a>\n                    <\/div>\n                                    <div class=\"col-md-3 col-lg-3 col-xxl-3 col-6 \">\n\t\t\t\t\t\t <a title=\"B\u00fcy\u00fck\u015fehir Belediyesi, 100 Ton At\u0131k Lasti\u011fi Geri D\u00f6n\u00fc\u015f\u00fcme Kazand\u0131rd\u0131\" target=\"_blank\" href=\"https:\/\/mardinhaberyolu.com\/?p=113276\">\n                        <article title=\"B\u00fcy\u00fck\u015fehir Belediyesi, 100 Ton At\u0131k Lasti\u011fi Geri D\u00f6n\u00fc\u015f\u00fcme Kazand\u0131rd\u0131\">\n                                <img decoding=\"async\" style=\"border-bottom: 5px solid \"\n                                     src=\"https:\/\/mardinhaberyolu.com\/wp-content\/uploads\/2026\/04\/L1.jpg\" alt=\"B\u00fcy\u00fck\u015fehir Belediyesi, 100 Ton At\u0131k Lasti\u011fi Geri D\u00f6n\u00fc\u015f\u00fcme Kazand\u0131rd\u0131\">\n                                <span class=\"icerik-baslik\">B\u00fcy\u00fck\u015fehir Belediyesi, 100 Ton At\u0131k Lasti\u011fi Geri D\u00f6n\u00fc\u015f\u00fcme Kazand\u0131rd\u0131<\/span>\n                        <\/article>\n\t\t\t\t\t\t<\/a>\n                    <\/div>\n                                    <div class=\"col-md-3 col-lg-3 col-xxl-3 col-6 \">\n\t\t\t\t\t\t <a title=\"Derik\u2019te yol temizlik arac\u0131yla \u00e7arp\u0131\u015fan otomobilin s\u00fcr\u00fcc\u00fcs\u00fc 17 ay sonra vefat etti.\" target=\"_blank\" href=\"https:\/\/mardinhaberyolu.com\/?p=113272\">\n                        <article title=\"Derik\u2019te yol temizlik arac\u0131yla \u00e7arp\u0131\u015fan otomobilin s\u00fcr\u00fcc\u00fcs\u00fc 17 ay sonra vefat etti.\">\n                                <img decoding=\"async\" style=\"border-bottom: 5px solid \"\n                                     src=\"https:\/\/mardinhaberyolu.com\/wp-content\/uploads\/2026\/04\/d1-2.jpg\" alt=\"Derik\u2019te yol temizlik arac\u0131yla \u00e7arp\u0131\u015fan otomobilin s\u00fcr\u00fcc\u00fcs\u00fc 17 ay sonra vefat etti.\">\n                                <span class=\"icerik-baslik\">Derik\u2019te yol temizlik arac\u0131yla \u00e7arp\u0131\u015fan otomobilin s\u00fcr\u00fcc\u00fcs\u00fc 17 ay sonra vefat etti.<\/span>\n                        <\/article>\n\t\t\t\t\t\t<\/a>\n                    <\/div>\n                                    <div class=\"col-md-3 col-lg-3 col-xxl-3 col-6 \">\n\t\t\t\t\t\t <a title=\"Mardin B\u00fcy\u00fck\u015fehir Belediyesi, Asfalt ve Yol Yenileme Seferberli\u011fi Ba\u015flatt\u0131\" target=\"_blank\" href=\"https:\/\/mardinhaberyolu.com\/?p=113264\">\n                        <article title=\"Mardin B\u00fcy\u00fck\u015fehir Belediyesi, Asfalt ve Yol Yenileme Seferberli\u011fi Ba\u015flatt\u0131\">\n                                <img decoding=\"async\" style=\"border-bottom: 5px solid \"\n                                     src=\"https:\/\/mardinhaberyolu.com\/wp-content\/uploads\/2026\/04\/IMG-20260425-WA0022.jpg\" alt=\"Mardin B\u00fcy\u00fck\u015fehir Belediyesi, Asfalt ve Yol Yenileme Seferberli\u011fi Ba\u015flatt\u0131\">\n                                <span class=\"icerik-baslik\">Mardin B\u00fcy\u00fck\u015fehir Belediyesi, Asfalt ve Yol Yenileme Seferberli\u011fi Ba\u015flatt\u0131<\/span>\n                        <\/article>\n\t\t\t\t\t\t<\/a>\n                    <\/div>\n                                    <div class=\"col-md-3 col-lg-3 col-xxl-3 col-6 \">\n\t\t\t\t\t\t <a title=\"Mardin \u00d6nder&#8217;den \u00d6\u011fretmenlere Karanfil Takdimi\" target=\"_blank\" href=\"https:\/\/mardinhaberyolu.com\/?p=113246\">\n                        <article title=\"Mardin \u00d6nder&#8217;den \u00d6\u011fretmenlere Karanfil Takdimi\">\n                                <img decoding=\"async\" style=\"border-bottom: 5px solid \"\n                                     src=\"https:\/\/mardinhaberyolu.com\/wp-content\/uploads\/2026\/04\/IMG-20260424-WA0017-scaled.jpg\" alt=\"Mardin \u00d6nder&#8217;den \u00d6\u011fretmenlere Karanfil Takdimi\">\n                                <span class=\"icerik-baslik\">Mardin \u00d6nder&#8217;den \u00d6\u011fretmenlere Karanfil Takdimi<\/span>\n                        <\/article>\n\t\t\t\t\t\t<\/a>\n                    <\/div>\n                            <\/div>\n                <\/div>\n            \t\t\t\t<\/div>\n\t\t\t\t<\/div>\n\t\t\t\t\t<\/div>\n\t\t\t\t<\/div>\n\t\t\t\t<\/div>\n\t\t","protected":false},"excerpt":{"rendered":"<p>MHP&#8217;L\u0130 &#8216;\u00c7\u00d6Z\u00dcMS\u00dcZL\u00dcK&#8217; S\u00dcREC\u0130 Derik\u2019te ilk kilitli parke ta\u015f\u0131 \u00e7al\u0131\u015fmas\u0131 yap\u0131ld\u0131. Mardin B\u00fcy\u00fck\u015fehir Belediyesi 10. Tar\u0131m Fuar\u0131\u2019nda Meydanda Denetim Yap\u0131ld\u0131 Saadet Partisi\u2019nden G\u00fcneydo\u011fu Gazeteciler Cemiyeti\u2019ne Ziyaret Mardin\u2019de Mahsere \u015eenlikleri D\u00fczenlendi Savur&#8217;da Soka\u011fa Yasa\u011f\u0131 Kald\u0131r\u0131ld\u0131 Midyat&#8217;ta 9 Y\u0131l Cezas\u0131 Olan Su\u00e7lu Yakaland\u0131 Savur&#8217;da iki Mahallede \u0130ki G\u00fcn Soka\u011fa \u00c7\u0131kma Yasa\u011f\u0131 \u0130L BA\u015eKANI UNCU&#8217;DAN MARD\u0130N MUHTARLAR DERNE\u011e\u0130&#8217;NE Z\u0130YARET [&hellip;]<\/p>\n","protected":false},"author":1,"featured_media":0,"parent":0,"menu_order":0,"comment_status":"closed","ping_status":"closed","template":"elementor_header_footer","meta":{"footnotes":""},"class_list":["post-29835","page","type-page","status-publish","hentry"],"_links":{"self":[{"href":"https:\/\/mardinhaberyolu.com\/index.php?rest_route=\/wp\/v2\/pages\/29835","targetHints":{"allow":["GET"]}}],"collection":[{"href":"https:\/\/mardinhaberyolu.com\/index.php?rest_route=\/wp\/v2\/pages"}],"about":[{"href":"https:\/\/mardinhaberyolu.com\/index.php?rest_route=\/wp\/v2\/types\/page"}],"author":[{"embeddable":true,"href":"https:\/\/mardinhaberyolu.com\/index.php?rest_route=\/wp\/v2\/users\/1"}],"replies":[{"embeddable":true,"href":"https:\/\/mardinhaberyolu.com\/index.php?rest_route=%2Fwp%2Fv2%2Fcomments&post=29835"}],"version-history":[{"count":25,"href":"https:\/\/mardinhaberyolu.com\/index.php?rest_route=\/wp\/v2\/pages\/29835\/revisions"}],"predecessor-version":[{"id":102629,"href":"https:\/\/mardinhaberyolu.com\/index.php?rest_route=\/wp\/v2\/pages\/29835\/revisions\/102629"}],"wp:attachment":[{"href":"https:\/\/mardinhaberyolu.com\/index.php?rest_route=%2Fwp%2Fv2%2Fmedia&parent=29835"}],"curies":[{"name":"wp","href":"https:\/\/api.w.org\/{rel}","templated":true}]}}